{"id":3243,"date":"2023-11-30T18:25:32","date_gmt":"2023-11-30T17:25:32","guid":{"rendered":"http:\/\/casalivo.cyon.link\/arte-y-diseno-creativo\/"},"modified":"2024-02-21T10:07:28","modified_gmt":"2024-02-21T09:07:28","slug":"arte-y-diseno-creativo","status":"publish","type":"page","link":"https:\/\/casalivo.com\/es\/arte-y-diseno-creativo\/","title":{"rendered":"Arte y dise\u00f1o creativo"},"content":{"rendered":"<p><div class=\"fusion-fullwidth fullwidth-box fusion-builder-row-1 fusion-flex-container has-pattern-background has-mask-background hundred-percent-fullwidth non-hundred-percent-height-scrolling\" style=\"--awb-border-radius-top-left:0px;--awb-border-radius-top-right:0px;--awb-border-radius-bottom-right:0px;--awb-border-radius-bottom-left:0px;--awb-padding-right:0px;--awb-padding-left:0px;--awb-margin-top:0px;--awb-margin-bottom:0px;--awb-min-height:60vh;--awb-background-color:var(--awb-color1);--awb-flex-wrap:wrap;\" ><div class=\"fusion-builder-row fusion-row fusion-flex-align-items-stretch fusion-flex-justify-content-flex-end fusion-flex-content-wrap\" style=\"width:104% !important;max-width:104% !important;margin-left: calc(-4% \/ 2 );margin-right: calc(-4% \/ 2 );\"><div class=\"fusion-layout-column fusion_builder_column fusion-builder-column-0 fusion_builder_column_3_5 3_5 fusion-flex-column\" style=\"--awb-bg-position:center center;--awb-bg-size:cover;--awb-width-large:60%;--awb-margin-top-large:0px;--awb-spacing-right-large:0px;--awb-margin-bottom-large:0px;--awb-spacing-left-large:3.2%;--awb-width-medium:100%;--awb-order-medium:0;--awb-spacing-right-medium:0px;--awb-spacing-left-medium:1.92%;--awb-width-small:100%;--awb-order-small:0;--awb-spacing-right-small:1.92%;--awb-spacing-left-small:1.92%;\" data-scroll-devices=\"small-visibility,medium-visibility,large-visibility\"><div class=\"fusion-column-wrapper lazyload fusion-column-has-shadow fusion-flex-justify-content-flex-start fusion-content-layout-column fusion-column-has-bg-image\" data-bg-url=\"https:\/\/casalivo.com\/wp-content\/uploads\/2023\/11\/WhatsAppImage2022-03-02at17.29.172.jpeg\" data-bg=\"https:\/\/casalivo.com\/wp-content\/uploads\/2023\/11\/WhatsAppImage2022-03-02at17.29.172.jpeg\"><div class=\"fusion-separator fusion-no-large-visibility fusion-full-width-sep\" style=\"align-self: center;margin-left: auto;margin-right: auto;margin-top:40vh;width:100%;\"><\/div>\n<\/div><\/div><div class=\"fusion-layout-column fusion_builder_column fusion-builder-column-1 fusion_builder_column_2_5 2_5 fusion-flex-column fusion-flex-align-self-stretch\" style=\"--awb-padding-top:6%;--awb-padding-right:13%;--awb-padding-bottom:6%;--awb-padding-left:10%;--awb-bg-color:#e0d7cc;--awb-bg-color-hover:#e0d7cc;--awb-bg-size:cover;--awb-width-large:40%;--awb-margin-top-large:0px;--awb-spacing-right-large:4.8%;--awb-margin-bottom-large:0px;--awb-spacing-left-large:0px;--awb-width-medium:100%;--awb-order-medium:0;--awb-spacing-right-medium:1.92%;--awb-spacing-left-medium:0px;--awb-width-small:100%;--awb-order-small:0;--awb-spacing-right-small:1.92%;--awb-spacing-left-small:1.92%;\" data-scroll-devices=\"small-visibility,medium-visibility,large-visibility\"><div class=\"fusion-column-wrapper fusion-column-has-shadow fusion-flex-justify-content-center fusion-content-layout-column\"><div class=\"fusion-title title fusion-title-1 fusion-sep-none fusion-title-text fusion-title-size-three header-text-gross\" style=\"--awb-margin-top-small:10px;--awb-margin-right-small:0px;--awb-margin-bottom-small:10px;--awb-margin-left-small:0px;\"><h3 class=\"fusion-title-heading title-heading-left fusion-responsive-typography-calculated\" style=\"margin:0;text-transform:uppercase;--fontSize:22;--minFontSize:22;line-height:1.2;\">Arte y dise\u00f1o creativo<\/h3><\/div><div class=\"fusion-title title fusion-title-2 fusion-sep-none fusion-title-text fusion-title-size-one\" style=\"--awb-margin-bottom:3vh;--awb-margin-top-small:10px;--awb-margin-right-small:0px;--awb-margin-bottom-small:10px;--awb-margin-left-small:0px;\"><h1 class=\"fusion-title-heading title-heading-left fusion-responsive-typography-calculated\" style=\"margin:0;--fontSize:65;line-height:1.1;\">La pieza central es el interior<\/h1><\/div><div class=\"fusion-text fusion-text-1\"><p>Estaremos encantados de planificar y dise\u00f1ar con usted sus interiores, patios y terrazas. Los aspectos t\u00e9cnico-funcionales y las preocupaciones est\u00e9tico-art\u00edsticas ocupan siempre un lugar central<\/p>\n<\/div><\/div><\/div><\/div><\/div><div class=\"fusion-fullwidth fullwidth-box fusion-builder-row-2 fusion-flex-container has-pattern-background has-mask-background nonhundred-percent-fullwidth non-hundred-percent-height-scrolling\" style=\"--awb-border-radius-top-left:0px;--awb-border-radius-top-right:0px;--awb-border-radius-bottom-right:0px;--awb-border-radius-bottom-left:0px;--awb-padding-top:5vh;--awb-padding-bottom:5vh;--awb-flex-wrap:wrap;\" ><div class=\"fusion-builder-row fusion-row fusion-flex-align-items-flex-start fusion-flex-content-wrap\" style=\"max-width:1664px;margin-left: calc(-4% \/ 2 );margin-right: calc(-4% \/ 2 );\"><div class=\"fusion-layout-column fusion_builder_column fusion-builder-column-2 fusion_builder_column_2_3 2_3 fusion-flex-column\" style=\"--awb-bg-size:cover;--awb-width-large:66.666666666667%;--awb-margin-top-large:0px;--awb-spacing-right-large:2.88%;--awb-margin-bottom-large:20px;--awb-spacing-left-large:2.88%;--awb-width-medium:100%;--awb-order-medium:0;--awb-spacing-right-medium:1.92%;--awb-spacing-left-medium:1.92%;--awb-width-small:100%;--awb-order-small:0;--awb-spacing-right-small:1.92%;--awb-spacing-left-small:1.92%;\" data-scroll-devices=\"small-visibility,medium-visibility,large-visibility\"><div class=\"fusion-column-wrapper fusion-column-has-shadow fusion-flex-justify-content-flex-start fusion-content-layout-column\"><div class=\"fusion-title title fusion-title-3 fusion-sep-none fusion-title-text fusion-title-size-two\" style=\"--awb-text-color:var(--awb-custom_color_1);--awb-margin-top-small:10px;--awb-margin-right-small:0px;--awb-margin-bottom-small:10px;--awb-margin-left-small:0px;\"><h2 class=\"fusion-title-heading title-heading-left fusion-responsive-typography-calculated\" style=\"margin:0;--fontSize:45;line-height:var(--awb-typography1-line-height);\">Con mucho amor por el dise\u00f1o<\/h2><\/div><div class=\"fusion-text fusion-text-2\" style=\"--awb-font-size:20px;--awb-text-color:var(--awb-custom_color_1);--awb-text-font-family:&quot;Roboto Condensed&quot;;--awb-text-font-style:normal;--awb-text-font-weight:400;\"><p>Sentimos mucho amor por la isla y los elementos de agua, aire y tierra se perciben de forma muy intensa. Nuestra idea al dise\u00f1ar interiores es combinar estos elementos y la originalidad de la isla con lo agradable en una simbiosis. Las influencias internacionales tambi\u00e9n pueden integrarse armoniosamente. Combinamos comodidad, funcionalidad y confort para crear un dise\u00f1o \u00fanico para su hogar con un alto factor de bienestar.<\/p>\n<\/div><\/div><\/div><\/div><\/div><div class=\"fusion-fullwidth fullwidth-box fusion-builder-row-3 fusion-flex-container has-pattern-background has-mask-background nonhundred-percent-fullwidth non-hundred-percent-height-scrolling\" style=\"--awb-border-radius-top-left:0px;--awb-border-radius-top-right:0px;--awb-border-radius-bottom-right:0px;--awb-border-radius-bottom-left:0px;--awb-flex-wrap:wrap;\" ><div class=\"fusion-builder-row fusion-row fusion-flex-align-items-flex-start fusion-flex-content-wrap\" style=\"max-width:1664px;margin-left: calc(-4% \/ 2 );margin-right: calc(-4% \/ 2 );\"><div class=\"fusion-layout-column fusion_builder_column fusion-builder-column-3 fusion_builder_column_1_1 1_1 fusion-flex-column\" style=\"--awb-bg-size:cover;--awb-width-large:100%;--awb-margin-top-large:0px;--awb-spacing-right-large:1.92%;--awb-margin-bottom-large:20px;--awb-spacing-left-large:1.92%;--awb-width-medium:100%;--awb-order-medium:0;--awb-spacing-right-medium:1.92%;--awb-spacing-left-medium:1.92%;--awb-width-small:100%;--awb-order-small:0;--awb-spacing-right-small:1.92%;--awb-spacing-left-small:1.92%;\"><div class=\"fusion-column-wrapper fusion-column-has-shadow fusion-flex-justify-content-flex-start fusion-content-layout-column\"><div class=\"fusion-post-cards fusion-post-cards-1 fusion-grid-archive fusion-grid-columns-1\" style=\"--awb-column-spacing:0px;--awb-dots-align:center;--awb-columns:1;--awb-filters-color:var(--awb-color8);--awb-active-filter-border-size:3px;--awb-filters-height:36px;--awb-row-spacing:100px;--awb-columns-medium:100%;--awb-columns-small:100%;\" data-post-type-label=\"objekte\"><ul class=\"fusion-grid fusion-grid-1 fusion-flex-align-items-stretch fusion-grid-posts-cards\"><li class=\"fusion-layout-column fusion_builder_column fusion-builder-column-4 fusion-flex-column objekt-container post-card fusion-grid-column fusion-post-cards-grid-column\" style=\"--awb-bg-blend:overlay;--awb-bg-size:cover;--awb-flex-grow:0;--awb-flex-shrink:0;--awb-flex-grow-medium:;--awb-flex-shrink-medium:;--awb-flex-grow-small:;--awb-flex-shrink-small:;\" data-scroll-devices=\"small-visibility,medium-visibility,large-visibility\"><div class=\"fusion-column-wrapper fusion-column-has-shadow fusion-flex-justify-content-space-evenly fusion-content-layout-column\"><div class=\"fusion-builder-row fusion-builder-row-inner fusion-row fusion-flex-align-items-flex-start fusion-flex-content-wrap\" style=\"--awb-flex-grow:0;--awb-flex-grow-medium:0;--awb-flex-grow-small:0;--awb-flex-shrink:0;--awb-flex-shrink-medium:0;--awb-flex-shrink-small:0;width:104% !important;max-width:104% !important;margin-left: calc(-4% \/ 2 );margin-right: calc(-4% \/ 2 );\"><div class=\"fusion-layout-column fusion_builder_column_inner fusion-builder-nested-column-0 fusion_builder_column_inner_2_5 2_5 fusion-flex-column fusion-flex-align-self-stretch objekt-text\" style=\"--awb-padding-top:5%;--awb-padding-right:10%;--awb-padding-bottom:5%;--awb-padding-left:10%;--awb-padding-top-small:20px;--awb-padding-bottom-small:30px;--awb-bg-color:var(--awb-color6);--awb-bg-color-hover:var(--awb-color6);--awb-bg-size:cover;--awb-width-large:40%;--awb-margin-top-large:0px;--awb-spacing-right-large:4.8%;--awb-margin-bottom-large:20px;--awb-spacing-left-large:4.8%;--awb-width-medium:100%;--awb-order-medium:0;--awb-spacing-right-medium:1.92%;--awb-margin-bottom-medium:0px;--awb-spacing-left-medium:1.92%;--awb-width-small:100%;--awb-order-small:0;--awb-spacing-right-small:1.92%;--awb-margin-bottom-small:0px;--awb-spacing-left-small:1.92%;\" data-scroll-devices=\"small-visibility,medium-visibility,large-visibility\"><div class=\"fusion-column-wrapper fusion-column-has-shadow fusion-flex-justify-content-center fusion-content-layout-column\"><div class=\"fusion-title title fusion-title-4 fusion-sep-none fusion-title-text fusion-title-size-paragraph header-text\" style=\"--awb-text-color:var(--awb-color1);--awb-margin-top-small:10px;--awb-margin-right-small:0px;--awb-margin-bottom-small:10px;--awb-margin-left-small:0px;\"><p class=\"fusion-title-heading title-heading-left title-heading-tag fusion-responsive-typography-calculated\" style=\"font-family:&quot;Roboto&quot;;font-style:normal;font-weight:500;margin:0;text-transform:uppercase;--fontSize:19;--minFontSize:19;line-height:1.6;\">Costa de los Pinos<\/p><\/div><div class=\"fusion-title title fusion-title-5 fusion-sep-none fusion-title-text fusion-title-size-two\" style=\"--awb-text-color:var(--awb-color1);--awb-margin-top-small:10px;--awb-margin-right-small:0px;--awb-margin-bottom-small:10px;--awb-margin-left-small:0px;\"><h2 class=\"fusion-title-heading title-heading-left fusion-responsive-typography-calculated\" style=\"margin:0;--fontSize:45;line-height:var(--awb-typography1-line-height);\">Una joya mallorquina: una encantadora finca de lujo con licencia ETV<\/h2><\/div><div class=\"fusion-text fusion-text-3\" style=\"--awb-text-color:var(--awb-color1);\"><p>La finca se construy\u00f3 a finales de los a\u00f1os 80 con mucho cuidado por los detalles, siguiendo el estilo tradicional mallorqu\u00edn. Las fachadas de piedra natural, los elementos de madera de alta calidad y los detalles arquitect\u00f3nicos cl\u00e1sicos le dan a la propiedad su car\u00e1cter inconfundible. La parcela tiene una superficie de unos 1.329 m\u00b2 y ofrece mucha privacidad, adem\u00e1s de amplias zonas exteriores.  <\/p>\n<p>La vivienda tiene una superficie construida total de unos 509 m\u00b2, de los cuales unos 450 m\u00b2 son superficie habitable distribuida en varias plantas.<\/p>\n<p>Las amplias ventanas y los accesos directos a las terrazas crean transiciones fluidas entre el interior y el exterior y aportan un ambiente luminoso y acogedor a la vivienda.<\/p>\n<\/div><ul style=\"--awb-size:20px;--awb-margin-bottom:20px;--awb-item-padding-top:0px;--awb-item-padding-bottom:0px;--awb-odd-row-bgcolor:rgba(255,255,255,0);--awb-even-row-bgcolor:rgba(255,255,255,0);--awb-iconcolor:var(--awb-color1);--awb-textcolor:var(--awb-color1);--awb-line-height:34px;--awb-icon-width:34px;--awb-icon-height:34px;--awb-icon-margin:14px;--awb-content-margin:48px;\" class=\"fusion-checklist fusion-checklist-1 type-icons\" id=\"max4\"><li class=\"fusion-li-item\" style=\"\"><span class=\"icon-wrapper circle-no\"><i class=\"fusion-li-icon fa-angle-right fas\" aria-hidden=\"true\"><\/i><\/span><div class=\"fusion-li-item-content\">2 dormitorios con ba\u00f1o en suite<\/div><\/li><li class=\"fusion-li-item\" style=\"\"><span class=\"icon-wrapper circle-no\"><i class=\"fusion-li-icon fa-angle-right fas\" aria-hidden=\"true\"><\/i><\/span><div class=\"fusion-li-item-content\">1 habitaci\u00f3n independiente para trabajar o para invitados<\/div><\/li><li class=\"fusion-li-item\" style=\"\"><span class=\"icon-wrapper circle-no\"><i class=\"fusion-li-icon fa-angle-right fas\" aria-hidden=\"true\"><\/i><\/span><div class=\"fusion-li-item-content\">Cocina exterior y terraza cubierta<\/div><\/li><li class=\"fusion-li-item\" style=\"\"><span class=\"icon-wrapper circle-no\"><i class=\"fusion-li-icon fa-angle-right fas\" aria-hidden=\"true\"><\/i><\/span><div class=\"fusion-li-item-content\">una zona de piscina muy grande con jacuzzi<\/div><\/li><li class=\"fusion-li-item\" style=\"\"><span class=\"icon-wrapper circle-no\"><i class=\"fusion-li-icon fa-angle-right fas\" aria-hidden=\"true\"><\/i><\/span><div class=\"fusion-li-item-content\">pared tradicional de piedra natural<\/div><\/li><li class=\"fusion-li-item\" style=\"\"><span class=\"icon-wrapper circle-no\"><i class=\"fusion-li-icon fa-angle-right fas\" aria-hidden=\"true\"><\/i><\/span><div class=\"fusion-li-item-content\">grandes s\u00f3tanos y garajes<\/div><\/li><\/ul><span class=\"preis-objektuebersicht\">Precio: EUR 2'400'000<\/span><div ><a class=\"fusion-button button-flat fusion-button-default-size button-default fusion-button-default button-1 fusion-button-default-span fusion-button-default-type btn-details\" style=\"--awb-margin-top:40px;\" target=\"_self\" href=\"https:\/\/casalivo.com\/es\/objekt\/una-joya-mallorquina-una-encantadora-finca-de-lujo-con-licencia-etv\/\"><span class=\"fusion-button-text awb-button__text awb-button__text--default\">Detalles de la propiedad<\/span><\/a><\/div><\/div><\/div><div class=\"fusion-layout-column fusion_builder_column_inner fusion-builder-nested-column-1 fusion_builder_column_inner_3_5 3_5 fusion-flex-column fusion-flex-align-self-stretch objekt-bild\" style=\"--awb-bg-position:center center;--awb-bg-size:cover;--awb-width-large:60%;--awb-margin-top-large:0px;--awb-spacing-right-large:3.2%;--awb-margin-bottom-large:20px;--awb-spacing-left-large:3.2%;--awb-width-medium:100%;--awb-order-medium:0;--awb-spacing-right-medium:1.92%;--awb-margin-bottom-medium:0px;--awb-spacing-left-medium:1.92%;--awb-width-small:100%;--awb-order-small:0;--awb-spacing-right-small:1.92%;--awb-margin-bottom-small:0px;--awb-spacing-left-small:1.92%;\" data-scroll-devices=\"small-visibility,medium-visibility,large-visibility\"><div class=\"fusion-column-wrapper lazyload fusion-column-has-shadow fusion-flex-justify-content-flex-start fusion-content-layout-column fusion-column-has-bg-image\" data-bg-url=\"https:\/\/casalivo.com\/wp-content\/uploads\/2026\/07\/IMG_0756-scaled.jpeg\" data-bg=\"https:\/\/casalivo.com\/wp-content\/uploads\/2026\/07\/IMG_0756-scaled.jpeg\"><div class=\"fusion-separator fusion-full-width-sep\" style=\"align-self: center;margin-left: auto;margin-right: auto;width:100%;\"><\/div><div class=\"fusion-separator fusion-no-large-visibility fusion-full-width-sep\" style=\"align-self: center;margin-left: auto;margin-right: auto;margin-top:40vh;width:100%;\"><\/div><\/div><\/div><\/div><\/div><\/li>\n<li class=\"fusion-layout-column fusion_builder_column fusion-builder-column-5 fusion-flex-column objekt-container post-card fusion-grid-column fusion-post-cards-grid-column\" style=\"--awb-bg-blend:overlay;--awb-bg-size:cover;--awb-flex-grow:0;--awb-flex-shrink:0;--awb-flex-grow-medium:;--awb-flex-shrink-medium:;--awb-flex-grow-small:;--awb-flex-shrink-small:;\" data-scroll-devices=\"small-visibility,medium-visibility,large-visibility\"><div class=\"fusion-column-wrapper fusion-column-has-shadow fusion-flex-justify-content-space-evenly fusion-content-layout-column\"><div class=\"fusion-builder-row fusion-builder-row-inner fusion-row fusion-flex-align-items-flex-start fusion-flex-content-wrap\" style=\"--awb-flex-grow:0;--awb-flex-grow-medium:0;--awb-flex-grow-small:0;--awb-flex-shrink:0;--awb-flex-shrink-medium:0;--awb-flex-shrink-small:0;width:104% !important;max-width:104% !important;margin-left: calc(-4% \/ 2 );margin-right: calc(-4% \/ 2 );\"><div class=\"fusion-layout-column fusion_builder_column_inner fusion-builder-nested-column-2 fusion_builder_column_inner_2_5 2_5 fusion-flex-column fusion-flex-align-self-stretch objekt-text\" style=\"--awb-padding-top:5%;--awb-padding-right:10%;--awb-padding-bottom:5%;--awb-padding-left:10%;--awb-padding-top-small:20px;--awb-padding-bottom-small:30px;--awb-bg-color:var(--awb-color6);--awb-bg-color-hover:var(--awb-color6);--awb-bg-size:cover;--awb-width-large:40%;--awb-margin-top-large:0px;--awb-spacing-right-large:4.8%;--awb-margin-bottom-large:20px;--awb-spacing-left-large:4.8%;--awb-width-medium:100%;--awb-order-medium:0;--awb-spacing-right-medium:1.92%;--awb-margin-bottom-medium:0px;--awb-spacing-left-medium:1.92%;--awb-width-small:100%;--awb-order-small:0;--awb-spacing-right-small:1.92%;--awb-margin-bottom-small:0px;--awb-spacing-left-small:1.92%;\" data-scroll-devices=\"small-visibility,medium-visibility,large-visibility\"><div class=\"fusion-column-wrapper fusion-column-has-shadow fusion-flex-justify-content-center fusion-content-layout-column\"><div class=\"fusion-title title fusion-title-6 fusion-sep-none fusion-title-text fusion-title-size-paragraph header-text\" style=\"--awb-text-color:var(--awb-color1);--awb-margin-top-small:10px;--awb-margin-right-small:0px;--awb-margin-bottom-small:10px;--awb-margin-left-small:0px;\"><p class=\"fusion-title-heading title-heading-left title-heading-tag fusion-responsive-typography-calculated\" style=\"font-family:&quot;Roboto&quot;;font-style:normal;font-weight:500;margin:0;text-transform:uppercase;--fontSize:19;--minFontSize:19;line-height:1.6;\">Petra<\/p><\/div><div class=\"fusion-title title fusion-title-7 fusion-sep-none fusion-title-text fusion-title-size-two\" style=\"--awb-text-color:var(--awb-color1);--awb-margin-top-small:10px;--awb-margin-right-small:0px;--awb-margin-bottom-small:10px;--awb-margin-left-small:0px;\"><h2 class=\"fusion-title-heading title-heading-left fusion-responsive-typography-calculated\" style=\"margin:0;--fontSize:45;line-height:var(--awb-typography1-line-height);\">Elegante residencia con ETV, vi\u00f1edo y huerto de naranjos<\/h2><\/div><div class=\"fusion-text fusion-text-4\" style=\"--awb-text-color:var(--awb-color1);\"><p>A s\u00f3lo unos minutos del encantador pueblo de Petra, esta excepcional finca est\u00e1 situada en m\u00e1s de 14.000 m\u00b2, con fant\u00e1sticas vistas panor\u00e1micas hasta la Tramuntana.<\/p>\n<p>Dos unidades residenciales dise\u00f1adas con estilo, con un total de aprox. 876 m\u00b2 de espacio habitable, ofrecen mucho espacio incluso para alquileres vacacionales de lujo (licencia disponible). Habitaciones luminosas, dormitorios en suite, una zona principal con aire de spa y una amplia zona exterior con piscina, terraza y jard\u00edn crean un oasis de bienestar al m\u00e1s alto nivel.  <\/p>\n<p>Sostenible, autosuficiente, \u00fanico por su sistema fotovoltaico, pozo, aprox. 30 naranjos, peque\u00f1o vi\u00f1edo (aprox. 300 botellas\/a\u00f1o)  <\/p>\n<p>Un lugar lleno de encanto y posibilidades, para los entendidos, los que buscan paz y tranquilidad o los inversores con ojo para lo extraordinario.<\/p>\n<p>Ver ahora - enamorarse - mudarse.<\/p>\n<\/div><ul style=\"--awb-size:20px;--awb-margin-bottom:20px;--awb-item-padding-top:0px;--awb-item-padding-bottom:0px;--awb-odd-row-bgcolor:rgba(255,255,255,0);--awb-even-row-bgcolor:rgba(255,255,255,0);--awb-iconcolor:var(--awb-color1);--awb-textcolor:var(--awb-color1);--awb-line-height:34px;--awb-icon-width:34px;--awb-icon-height:34px;--awb-icon-margin:14px;--awb-content-margin:48px;\" class=\"fusion-checklist fusion-checklist-2 type-icons\" id=\"max4\"><li class=\"fusion-li-item\" style=\"\"><span class=\"icon-wrapper circle-no\"><i class=\"fusion-li-icon fa-angle-right fas\" aria-hidden=\"true\"><\/i><\/span><div class=\"fusion-li-item-content\">Aire acondicionado con calefacci\u00f3n por suelo radiante incluida <\/div><\/li><li class=\"fusion-li-item\" style=\"\"><span class=\"icon-wrapper circle-no\"><i class=\"fusion-li-icon fa-angle-right fas\" aria-hidden=\"true\"><\/i><\/span><div class=\"fusion-li-item-content\">Piscina muy grande<\/div><\/li><li class=\"fusion-li-item\" style=\"\"><span class=\"icon-wrapper circle-no\"><i class=\"fusion-li-icon fa-angle-right fas\" aria-hidden=\"true\"><\/i><\/span><div class=\"fusion-li-item-content\">mi propio vi\u00f1edo peque\u00f1o<\/div><\/li><li class=\"fusion-li-item\" style=\"\"><span class=\"icon-wrapper circle-no\"><i class=\"fusion-li-icon fa-angle-right fas\" aria-hidden=\"true\"><\/i><\/span><div class=\"fusion-li-item-content\">chimeneas abiertas<\/div><\/li><li class=\"fusion-li-item\" style=\"\"><span class=\"icon-wrapper circle-no\"><i class=\"fusion-li-icon fa-angle-right fas\" aria-hidden=\"true\"><\/i><\/span><div class=\"fusion-li-item-content\">\u00daltima instalaci\u00f3n fotovoltaica con bater\u00edas<\/div><\/li><li class=\"fusion-li-item\" style=\"\"><span class=\"icon-wrapper circle-no\"><i class=\"fusion-li-icon fa-angle-right fas\" aria-hidden=\"true\"><\/i><\/span><div class=\"fusion-li-item-content\">Pozo profundo propio<\/div><\/li><\/ul><span class=\"preis-objektuebersicht\">Precio: EUR 2'900'000<\/span><div ><a class=\"fusion-button button-flat fusion-button-default-size button-default fusion-button-default button-2 fusion-button-default-span fusion-button-default-type btn-details\" style=\"--awb-margin-top:40px;\" target=\"_self\" href=\"https:\/\/casalivo.com\/es\/objekt\/elegante-residencia-con-etv-vinedo-y-huerto-de-naranjos\/\"><span class=\"fusion-button-text awb-button__text awb-button__text--default\">Detalles de la propiedad<\/span><\/a><\/div><\/div><\/div><div class=\"fusion-layout-column fusion_builder_column_inner fusion-builder-nested-column-3 fusion_builder_column_inner_3_5 3_5 fusion-flex-column fusion-flex-align-self-stretch objekt-bild\" style=\"--awb-bg-position:center center;--awb-bg-size:cover;--awb-width-large:60%;--awb-margin-top-large:0px;--awb-spacing-right-large:3.2%;--awb-margin-bottom-large:20px;--awb-spacing-left-large:3.2%;--awb-width-medium:100%;--awb-order-medium:0;--awb-spacing-right-medium:1.92%;--awb-margin-bottom-medium:0px;--awb-spacing-left-medium:1.92%;--awb-width-small:100%;--awb-order-small:0;--awb-spacing-right-small:1.92%;--awb-margin-bottom-small:0px;--awb-spacing-left-small:1.92%;\" data-scroll-devices=\"small-visibility,medium-visibility,large-visibility\"><div class=\"fusion-column-wrapper lazyload fusion-column-has-shadow fusion-flex-justify-content-flex-start fusion-content-layout-column fusion-column-has-bg-image\" data-bg-url=\"https:\/\/casalivo.com\/wp-content\/uploads\/2025\/06\/IMG_7209-scaled.jpeg\" data-bg=\"https:\/\/casalivo.com\/wp-content\/uploads\/2025\/06\/IMG_7209-scaled.jpeg\"><div class=\"fusion-separator fusion-full-width-sep\" style=\"align-self: center;margin-left: auto;margin-right: auto;width:100%;\"><\/div><div class=\"fusion-separator fusion-no-large-visibility fusion-full-width-sep\" style=\"align-self: center;margin-left: auto;margin-right: auto;margin-top:40vh;width:100%;\"><\/div><\/div><\/div><\/div><\/div><\/li>\n<li class=\"fusion-layout-column fusion_builder_column fusion-builder-column-6 fusion-flex-column objekt-container post-card fusion-grid-column fusion-post-cards-grid-column\" style=\"--awb-bg-blend:overlay;--awb-bg-size:cover;--awb-flex-grow:0;--awb-flex-shrink:0;--awb-flex-grow-medium:;--awb-flex-shrink-medium:;--awb-flex-grow-small:;--awb-flex-shrink-small:;\" data-scroll-devices=\"small-visibility,medium-visibility,large-visibility\"><div class=\"fusion-column-wrapper fusion-column-has-shadow fusion-flex-justify-content-space-evenly fusion-content-layout-column\"><div class=\"fusion-builder-row fusion-builder-row-inner fusion-row fusion-flex-align-items-flex-start fusion-flex-content-wrap\" style=\"--awb-flex-grow:0;--awb-flex-grow-medium:0;--awb-flex-grow-small:0;--awb-flex-shrink:0;--awb-flex-shrink-medium:0;--awb-flex-shrink-small:0;width:104% !important;max-width:104% !important;margin-left: calc(-4% \/ 2 );margin-right: calc(-4% \/ 2 );\"><div class=\"fusion-layout-column fusion_builder_column_inner fusion-builder-nested-column-4 fusion_builder_column_inner_2_5 2_5 fusion-flex-column fusion-flex-align-self-stretch objekt-text\" style=\"--awb-padding-top:5%;--awb-padding-right:10%;--awb-padding-bottom:5%;--awb-padding-left:10%;--awb-padding-top-small:20px;--awb-padding-bottom-small:30px;--awb-bg-color:var(--awb-color6);--awb-bg-color-hover:var(--awb-color6);--awb-bg-size:cover;--awb-width-large:40%;--awb-margin-top-large:0px;--awb-spacing-right-large:4.8%;--awb-margin-bottom-large:20px;--awb-spacing-left-large:4.8%;--awb-width-medium:100%;--awb-order-medium:0;--awb-spacing-right-medium:1.92%;--awb-margin-bottom-medium:0px;--awb-spacing-left-medium:1.92%;--awb-width-small:100%;--awb-order-small:0;--awb-spacing-right-small:1.92%;--awb-margin-bottom-small:0px;--awb-spacing-left-small:1.92%;\" data-scroll-devices=\"small-visibility,medium-visibility,large-visibility\"><div class=\"fusion-column-wrapper fusion-column-has-shadow fusion-flex-justify-content-center fusion-content-layout-column\"><div class=\"fusion-title title fusion-title-8 fusion-sep-none fusion-title-text fusion-title-size-paragraph header-text\" style=\"--awb-text-color:var(--awb-color1);--awb-margin-top-small:10px;--awb-margin-right-small:0px;--awb-margin-bottom-small:10px;--awb-margin-left-small:0px;\"><p class=\"fusion-title-heading title-heading-left title-heading-tag fusion-responsive-typography-calculated\" style=\"font-family:&quot;Roboto&quot;;font-style:normal;font-weight:500;margin:0;text-transform:uppercase;--fontSize:19;--minFontSize:19;line-height:1.6;\">Cala Murada<\/p><\/div><div class=\"fusion-title title fusion-title-9 fusion-sep-none fusion-title-text fusion-title-size-two\" style=\"--awb-text-color:var(--awb-color1);--awb-margin-top-small:10px;--awb-margin-right-small:0px;--awb-margin-bottom-small:10px;--awb-margin-left-small:0px;\"><h2 class=\"fusion-title-heading title-heading-left fusion-responsive-typography-calculated\" style=\"margin:0;--fontSize:45;line-height:var(--awb-typography1-line-height);\">Una villa de ensue\u00f1o en Cala Murada, en una ubicaci\u00f3n inmejorable<\/h2><\/div><div class=\"fusion-text fusion-text-5\" style=\"--awb-text-color:var(--awb-color1);\"><p>Un estilo de vida mediterr\u00e1neo con unas vistas espectaculares al mar: esta extraordinaria propiedad, situada en una amplia parcela, combina privacidad, amplias estancias y un sinf\u00edn de posibilidades de dise\u00f1o en una de las zonas m\u00e1s codiciadas de Mallorca. Lo m\u00e1s destacado es la impresionante azotea con vistas panor\u00e1micas, as\u00ed como la armoniosa combinaci\u00f3n entre la casa, el jard\u00edn y el estilo de vida mediterr\u00e1neo. Descubre todo el potencial de esta propiedad tan especial en una visita en persona.  <\/p>\n<\/div><ul style=\"--awb-size:20px;--awb-margin-bottom:20px;--awb-item-padding-top:0px;--awb-item-padding-bottom:0px;--awb-odd-row-bgcolor:rgba(255,255,255,0);--awb-even-row-bgcolor:rgba(255,255,255,0);--awb-iconcolor:var(--awb-color1);--awb-textcolor:var(--awb-color1);--awb-line-height:34px;--awb-icon-width:34px;--awb-icon-height:34px;--awb-icon-margin:14px;--awb-content-margin:48px;\" class=\"fusion-checklist fusion-checklist-3 type-icons\" id=\"max4\"><li class=\"fusion-li-item\" style=\"\"><span class=\"icon-wrapper circle-no\"><i class=\"fusion-li-icon fa-angle-right fas\" aria-hidden=\"true\"><\/i><\/span><div class=\"fusion-li-item-content\">Una casa especial con mucho potencial<\/div><\/li><li class=\"fusion-li-item\" style=\"\"><span class=\"icon-wrapper circle-no\"><i class=\"fusion-li-icon fa-angle-right fas\" aria-hidden=\"true\"><\/i><\/span><div class=\"fusion-li-item-content\">unas 300 m\u00b2 de terrazas al aire libre y cubiertas  <\/div><\/li><li class=\"fusion-li-item\" style=\"\"><span class=\"icon-wrapper circle-no\"><i class=\"fusion-li-icon fa-angle-right fas\" aria-hidden=\"true\"><\/i><\/span><div class=\"fusion-li-item-content\">Terraza en la azotea<\/div><\/li><li class=\"fusion-li-item\" style=\"\"><span class=\"icon-wrapper circle-no\"><i class=\"fusion-li-icon fa-angle-right fas\" aria-hidden=\"true\"><\/i><\/span><div class=\"fusion-li-item-content\">apartamento independiente para invitados<\/div><\/li><li class=\"fusion-li-item\" style=\"\"><span class=\"icon-wrapper circle-no\"><i class=\"fusion-li-icon fa-angle-right fas\" aria-hidden=\"true\"><\/i><\/span><div class=\"fusion-li-item-content\">Garaje<\/div><\/li><li class=\"fusion-li-item\" style=\"\"><span class=\"icon-wrapper circle-no\"><i class=\"fusion-li-icon fa-angle-right fas\" aria-hidden=\"true\"><\/i><\/span><div class=\"fusion-li-item-content\">cerca de las playas<\/div><\/li><\/ul><span class=\"preis-objektuebersicht\">Precio: EUR 1'590'000<\/span><div ><a class=\"fusion-button button-flat fusion-button-default-size button-default fusion-button-default button-3 fusion-button-default-span fusion-button-default-type btn-details\" style=\"--awb-margin-top:40px;\" target=\"_self\" href=\"https:\/\/casalivo.com\/es\/objekt\/una-villa-de-ensueno-en-cala-murada-en-una-ubicacion-inmejorable\/\"><span class=\"fusion-button-text awb-button__text awb-button__text--default\">Detalles de la propiedad<\/span><\/a><\/div><\/div><\/div><div class=\"fusion-layout-column fusion_builder_column_inner fusion-builder-nested-column-5 fusion_builder_column_inner_3_5 3_5 fusion-flex-column fusion-flex-align-self-stretch objekt-bild\" style=\"--awb-bg-position:center center;--awb-bg-size:cover;--awb-width-large:60%;--awb-margin-top-large:0px;--awb-spacing-right-large:3.2%;--awb-margin-bottom-large:20px;--awb-spacing-left-large:3.2%;--awb-width-medium:100%;--awb-order-medium:0;--awb-spacing-right-medium:1.92%;--awb-margin-bottom-medium:0px;--awb-spacing-left-medium:1.92%;--awb-width-small:100%;--awb-order-small:0;--awb-spacing-right-small:1.92%;--awb-margin-bottom-small:0px;--awb-spacing-left-small:1.92%;\" data-scroll-devices=\"small-visibility,medium-visibility,large-visibility\"><div class=\"fusion-column-wrapper lazyload fusion-column-has-shadow fusion-flex-justify-content-flex-start fusion-content-layout-column fusion-column-has-bg-image\" data-bg-url=\"https:\/\/casalivo.com\/wp-content\/uploads\/2026\/06\/IMG_0351-scaled.jpeg\" data-bg=\"https:\/\/casalivo.com\/wp-content\/uploads\/2026\/06\/IMG_0351-scaled.jpeg\"><div class=\"fusion-separator fusion-full-width-sep\" style=\"align-self: center;margin-left: auto;margin-right: auto;width:100%;\"><\/div><div class=\"fusion-separator fusion-no-large-visibility fusion-full-width-sep\" style=\"align-self: center;margin-left: auto;margin-right: auto;margin-top:40vh;width:100%;\"><\/div><\/div><\/div><\/div><\/div><\/li>\n<li class=\"fusion-layout-column fusion_builder_column fusion-builder-column-7 fusion-flex-column objekt-container post-card fusion-grid-column fusion-post-cards-grid-column\" style=\"--awb-bg-blend:overlay;--awb-bg-size:cover;--awb-flex-grow:0;--awb-flex-shrink:0;--awb-flex-grow-medium:;--awb-flex-shrink-medium:;--awb-flex-grow-small:;--awb-flex-shrink-small:;\" data-scroll-devices=\"small-visibility,medium-visibility,large-visibility\"><div class=\"fusion-column-wrapper fusion-column-has-shadow fusion-flex-justify-content-space-evenly fusion-content-layout-column\"><div class=\"fusion-builder-row fusion-builder-row-inner fusion-row fusion-flex-align-items-flex-start fusion-flex-content-wrap\" style=\"--awb-flex-grow:0;--awb-flex-grow-medium:0;--awb-flex-grow-small:0;--awb-flex-shrink:0;--awb-flex-shrink-medium:0;--awb-flex-shrink-small:0;width:104% !important;max-width:104% !important;margin-left: calc(-4% \/ 2 );margin-right: calc(-4% \/ 2 );\"><div class=\"fusion-layout-column fusion_builder_column_inner fusion-builder-nested-column-6 fusion_builder_column_inner_2_5 2_5 fusion-flex-column fusion-flex-align-self-stretch objekt-text\" style=\"--awb-padding-top:5%;--awb-padding-right:10%;--awb-padding-bottom:5%;--awb-padding-left:10%;--awb-padding-top-small:20px;--awb-padding-bottom-small:30px;--awb-bg-color:var(--awb-color6);--awb-bg-color-hover:var(--awb-color6);--awb-bg-size:cover;--awb-width-large:40%;--awb-margin-top-large:0px;--awb-spacing-right-large:4.8%;--awb-margin-bottom-large:20px;--awb-spacing-left-large:4.8%;--awb-width-medium:100%;--awb-order-medium:0;--awb-spacing-right-medium:1.92%;--awb-margin-bottom-medium:0px;--awb-spacing-left-medium:1.92%;--awb-width-small:100%;--awb-order-small:0;--awb-spacing-right-small:1.92%;--awb-margin-bottom-small:0px;--awb-spacing-left-small:1.92%;\" data-scroll-devices=\"small-visibility,medium-visibility,large-visibility\"><div class=\"fusion-column-wrapper fusion-column-has-shadow fusion-flex-justify-content-center fusion-content-layout-column\"><div class=\"fusion-title title fusion-title-10 fusion-sep-none fusion-title-text fusion-title-size-paragraph header-text\" style=\"--awb-text-color:var(--awb-color1);--awb-margin-top-small:10px;--awb-margin-right-small:0px;--awb-margin-bottom-small:10px;--awb-margin-left-small:0px;\"><p class=\"fusion-title-heading title-heading-left title-heading-tag fusion-responsive-typography-calculated\" style=\"font-family:&quot;Roboto&quot;;font-style:normal;font-weight:500;margin:0;text-transform:uppercase;--fontSize:19;--minFontSize:19;line-height:1.6;\">Cala Murada<\/p><\/div><div class=\"fusion-title title fusion-title-11 fusion-sep-none fusion-title-text fusion-title-size-two\" style=\"--awb-text-color:var(--awb-color1);--awb-margin-top-small:10px;--awb-margin-right-small:0px;--awb-margin-bottom-small:10px;--awb-margin-left-small:0px;\"><h2 class=\"fusion-title-heading title-heading-left fusion-responsive-typography-calculated\" style=\"margin:0;--fontSize:45;line-height:var(--awb-typography1-line-height);\">Villa exclusiva con vistas al mar cerca de Cala Domingos: un proyecto de lujo en una ubicaci\u00f3n privilegiada<\/h2><\/div><div class=\"fusion-text fusion-text-6\" style=\"--awb-text-color:var(--awb-color1);\"><p>A solo unos minutos de la maravillosa Cala Domingos, esta villa se alza en una colina cerca de Cala Murada y ofrece unas vistas espectaculares al mar y al paisaje de los alrededores.<\/p>\n<p>En una parcela de unos 1.415 m\u00b2, se est\u00e1 construyendo, en el marco de una reforma integral, una villa exclusiva con m\u00e1s de 220 m\u00b2 de superficie habitable, que combina a la perfecci\u00f3n un dise\u00f1o moderno, materiales de alta calidad y el estilo de vida mediterr\u00e1neo.\nZona de piscina con jard\u00edn mediterr\u00e1neo, barbacoa y zonas de descanso<\/p>\n<p>La combinaci\u00f3n de una ubicaci\u00f3n tranquila, la cercan\u00eda al mar y una arquitectura de alta calidad hace de este proyecto una oportunidad \u00fanica en Mallorca.<\/p>\n<p>Un hogar con estilo para los m\u00e1s exigentes.<\/p>\n<\/div><ul style=\"--awb-size:20px;--awb-margin-bottom:20px;--awb-item-padding-top:0px;--awb-item-padding-bottom:0px;--awb-odd-row-bgcolor:rgba(255,255,255,0);--awb-even-row-bgcolor:rgba(255,255,255,0);--awb-iconcolor:var(--awb-color1);--awb-textcolor:var(--awb-color1);--awb-line-height:34px;--awb-icon-width:34px;--awb-icon-height:34px;--awb-icon-margin:14px;--awb-content-margin:48px;\" class=\"fusion-checklist fusion-checklist-4 type-icons\" id=\"max4\"><li class=\"fusion-li-item\" style=\"\"><span class=\"icon-wrapper circle-no\"><i class=\"fusion-li-icon fa-angle-right fas\" aria-hidden=\"true\"><\/i><\/span><div class=\"fusion-li-item-content\">4 dormitorios con ba\u00f1os en suite<\/div><\/li><li class=\"fusion-li-item\" style=\"\"><span class=\"icon-wrapper circle-no\"><i class=\"fusion-li-icon fa-angle-right fas\" aria-hidden=\"true\"><\/i><\/span><div class=\"fusion-li-item-content\">Amplia suite principal con vestidor y terraza privada<\/div><\/li><li class=\"fusion-li-item\" style=\"\"><span class=\"icon-wrapper circle-no\"><i class=\"fusion-li-icon fa-angle-right fas\" aria-hidden=\"true\"><\/i><\/span><div class=\"fusion-li-item-content\">Sal\u00f3n y comedor di\u00e1fanos con una cocina moderna<\/div><\/li><li class=\"fusion-li-item\" style=\"\"><span class=\"icon-wrapper circle-no\"><i class=\"fusion-li-icon fa-angle-right fas\" aria-hidden=\"true\"><\/i><\/span><div class=\"fusion-li-item-content\">Zona independiente de lectura y relax con chimenea<\/div><\/li><li class=\"fusion-li-item\" style=\"\"><span class=\"icon-wrapper circle-no\"><i class=\"fusion-li-icon fa-angle-right fas\" aria-hidden=\"true\"><\/i><\/span><div class=\"fusion-li-item-content\">Espectacular azotea con vistas de 360 grados<\/div><\/li><li class=\"fusion-li-item\" style=\"\"><span class=\"icon-wrapper circle-no\"><i class=\"fusion-li-icon fa-angle-right fas\" aria-hidden=\"true\"><\/i><\/span><div class=\"fusion-li-item-content\">una piscina amplia y una zona de terrazas<\/div><\/li><\/ul><span class=\"preis-objektuebersicht\">Precio: EUR 2'750'000<\/span><div ><a class=\"fusion-button button-flat fusion-button-default-size button-default fusion-button-default button-4 fusion-button-default-span fusion-button-default-type btn-details\" style=\"--awb-margin-top:40px;\" target=\"_self\" href=\"https:\/\/casalivo.com\/es\/objekt\/villa-exclusiva-con-vistas-al-mar-cerca-de-cala-domingos-un-proyecto-de-lujo-en-una-ubicacion-privilegiada\/\"><span class=\"fusion-button-text awb-button__text awb-button__text--default\">Detalles de la propiedad<\/span><\/a><\/div><\/div><\/div><div class=\"fusion-layout-column fusion_builder_column_inner fusion-builder-nested-column-7 fusion_builder_column_inner_3_5 3_5 fusion-flex-column fusion-flex-align-self-stretch objekt-bild\" style=\"--awb-bg-position:center center;--awb-bg-size:cover;--awb-width-large:60%;--awb-margin-top-large:0px;--awb-spacing-right-large:3.2%;--awb-margin-bottom-large:20px;--awb-spacing-left-large:3.2%;--awb-width-medium:100%;--awb-order-medium:0;--awb-spacing-right-medium:1.92%;--awb-margin-bottom-medium:0px;--awb-spacing-left-medium:1.92%;--awb-width-small:100%;--awb-order-small:0;--awb-spacing-right-small:1.92%;--awb-margin-bottom-small:0px;--awb-spacing-left-small:1.92%;\" data-scroll-devices=\"small-visibility,medium-visibility,large-visibility\"><div class=\"fusion-column-wrapper lazyload fusion-column-has-shadow fusion-flex-justify-content-flex-start fusion-content-layout-column fusion-column-has-bg-image\" data-bg-url=\"https:\/\/casalivo.com\/wp-content\/uploads\/2026\/05\/09-Cala-Murada-Exterior-Cenital_Post.jpg\" data-bg=\"https:\/\/casalivo.com\/wp-content\/uploads\/2026\/05\/09-Cala-Murada-Exterior-Cenital_Post.jpg\"><div class=\"fusion-separator fusion-full-width-sep\" style=\"align-self: center;margin-left: auto;margin-right: auto;width:100%;\"><\/div><div class=\"fusion-separator fusion-no-large-visibility fusion-full-width-sep\" style=\"align-self: center;margin-left: auto;margin-right: auto;margin-top:40vh;width:100%;\"><\/div><\/div><\/div><\/div><\/div><\/li>\n<li class=\"fusion-layout-column fusion_builder_column fusion-builder-column-8 fusion-flex-column objekt-container post-card fusion-grid-column fusion-post-cards-grid-column\" style=\"--awb-bg-blend:overlay;--awb-bg-size:cover;--awb-flex-grow:0;--awb-flex-shrink:0;--awb-flex-grow-medium:;--awb-flex-shrink-medium:;--awb-flex-grow-small:;--awb-flex-shrink-small:;\" data-scroll-devices=\"small-visibility,medium-visibility,large-visibility\"><div class=\"fusion-column-wrapper fusion-column-has-shadow fusion-flex-justify-content-space-evenly fusion-content-layout-column\"><div class=\"fusion-builder-row fusion-builder-row-inner fusion-row fusion-flex-align-items-flex-start fusion-flex-content-wrap\" style=\"--awb-flex-grow:0;--awb-flex-grow-medium:0;--awb-flex-grow-small:0;--awb-flex-shrink:0;--awb-flex-shrink-medium:0;--awb-flex-shrink-small:0;width:104% !important;max-width:104% !important;margin-left: calc(-4% \/ 2 );margin-right: calc(-4% \/ 2 );\"><div class=\"fusion-layout-column fusion_builder_column_inner fusion-builder-nested-column-8 fusion_builder_column_inner_2_5 2_5 fusion-flex-column fusion-flex-align-self-stretch objekt-text\" style=\"--awb-padding-top:5%;--awb-padding-right:10%;--awb-padding-bottom:5%;--awb-padding-left:10%;--awb-padding-top-small:20px;--awb-padding-bottom-small:30px;--awb-bg-color:var(--awb-color6);--awb-bg-color-hover:var(--awb-color6);--awb-bg-size:cover;--awb-width-large:40%;--awb-margin-top-large:0px;--awb-spacing-right-large:4.8%;--awb-margin-bottom-large:20px;--awb-spacing-left-large:4.8%;--awb-width-medium:100%;--awb-order-medium:0;--awb-spacing-right-medium:1.92%;--awb-margin-bottom-medium:0px;--awb-spacing-left-medium:1.92%;--awb-width-small:100%;--awb-order-small:0;--awb-spacing-right-small:1.92%;--awb-margin-bottom-small:0px;--awb-spacing-left-small:1.92%;\" data-scroll-devices=\"small-visibility,medium-visibility,large-visibility\"><div class=\"fusion-column-wrapper fusion-column-has-shadow fusion-flex-justify-content-center fusion-content-layout-column\"><div class=\"fusion-title title fusion-title-12 fusion-sep-none fusion-title-text fusion-title-size-paragraph header-text\" style=\"--awb-text-color:var(--awb-color1);--awb-margin-top-small:10px;--awb-margin-right-small:0px;--awb-margin-bottom-small:10px;--awb-margin-left-small:0px;\"><p class=\"fusion-title-heading title-heading-left title-heading-tag fusion-responsive-typography-calculated\" style=\"font-family:&quot;Roboto&quot;;font-style:normal;font-weight:500;margin:0;text-transform:uppercase;--fontSize:19;--minFontSize:19;line-height:1.6;\">Cala Mandia<\/p><\/div><div class=\"fusion-title title fusion-title-13 fusion-sep-none fusion-title-text fusion-title-size-two\" style=\"--awb-text-color:var(--awb-color1);--awb-margin-top-small:10px;--awb-margin-right-small:0px;--awb-margin-bottom-small:10px;--awb-margin-left-small:0px;\"><h2 class=\"fusion-title-heading title-heading-left fusion-responsive-typography-calculated\" style=\"margin:0;--fontSize:45;line-height:var(--awb-typography1-line-height);\">Pensando en grande: una isla de cocina moderna en lugar de un separador oscuro<\/h2><\/div><div class=\"fusion-text fusion-text-7 auszug\" style=\"--awb-text-color:var(--awb-color1);\"><p>Donde antes hab\u00eda una cocina separada con una despensa oscura que reduc\u00eda el espacio, ahora se ha creado un centro abierto y lleno de luz en la casa. Gracias a la apertura de los espacios y a la clara reorganizaci\u00f3n de la distribuci\u00f3n, la cocina se integra ahora de forma armoniosa con el patio: moderna, espaciosa y acogedora. <\/p>\n<p>El elemento central de la remodelaci\u00f3n es la isla de cocina hecha a medida con madera de teca de alta calidad. Este material c\u00e1lido y natural le da car\u00e1cter a la estancia y crea un ambiente agradable y acogedor. Ahora la luz natural entra sin obst\u00e1culos y resalta de forma \u00f3ptima la viva textura de la madera, as\u00ed como el efecto general del espacio.  <\/p>\n<p>La isla es m\u00e1s que un simple elemento funcional: es el nuevo punto de encuentro para la familia y los amigos. Aqu\u00ed surgen charlas cotidianas, momentos compartidos en la cocina, encuentros espont\u00e1neos y tardes relajadas con una copa de vino. As\u00ed, la cocina se convierte en el centro de la vida social de la casa: un lugar donde el dise\u00f1o, la calidad y el estilo de vida se funden en uno.  <\/p>\n<\/div><span class=\"preis-objektuebersicht\">Presupuesto: EUR  25'000<\/span><div ><a class=\"fusion-button button-flat fusion-button-default-size button-default fusion-button-default button-5 fusion-button-default-span fusion-button-default-type\" style=\"--awb-margin-top:40px;\" target=\"_self\" href=\"https:\/\/casalivo.com\/es\/objekt\/pensando-en-grande-una-isla-de-cocina-moderna-en-lugar-de-un-separador-oscuro\/\"><span class=\"fusion-button-text awb-button__text awb-button__text--default\">Detalles en una conversaci\u00f3n personal<\/span><\/a><\/div><\/div><\/div><div class=\"fusion-layout-column fusion_builder_column_inner fusion-builder-nested-column-9 fusion_builder_column_inner_3_5 3_5 fusion-flex-column fusion-flex-align-self-stretch objekt-bild\" style=\"--awb-bg-position:center center;--awb-bg-size:cover;--awb-width-large:60%;--awb-margin-top-large:0px;--awb-spacing-right-large:3.2%;--awb-margin-bottom-large:20px;--awb-spacing-left-large:3.2%;--awb-width-medium:100%;--awb-order-medium:0;--awb-spacing-right-medium:1.92%;--awb-margin-bottom-medium:0px;--awb-spacing-left-medium:1.92%;--awb-width-small:100%;--awb-order-small:0;--awb-spacing-right-small:1.92%;--awb-margin-bottom-small:0px;--awb-spacing-left-small:1.92%;\" data-scroll-devices=\"small-visibility,medium-visibility,large-visibility\"><div class=\"fusion-column-wrapper lazyload fusion-column-has-shadow fusion-flex-justify-content-flex-start fusion-content-layout-column fusion-column-has-bg-image\" data-bg-url=\"https:\/\/casalivo.com\/wp-content\/uploads\/2026\/02\/B4099CD9-B7E0-468C-A03C-398E19320563_1_105_c.jpeg\" data-bg=\"https:\/\/casalivo.com\/wp-content\/uploads\/2026\/02\/B4099CD9-B7E0-468C-A03C-398E19320563_1_105_c.jpeg\"><div class=\"fusion-separator fusion-full-width-sep\" style=\"align-self: center;margin-left: auto;margin-right: auto;width:100%;\"><\/div><div class=\"fusion-separator fusion-no-large-visibility fusion-full-width-sep\" style=\"align-self: center;margin-left: auto;margin-right: auto;margin-top:40vh;width:100%;\"><\/div><\/div><\/div><\/div><\/div><\/li>\n<li class=\"fusion-layout-column fusion_builder_column fusion-builder-column-9 fusion-flex-column objekt-container post-card fusion-grid-column fusion-post-cards-grid-column\" style=\"--awb-bg-blend:overlay;--awb-bg-size:cover;--awb-flex-grow:0;--awb-flex-shrink:0;--awb-flex-grow-medium:;--awb-flex-shrink-medium:;--awb-flex-grow-small:;--awb-flex-shrink-small:;\" data-scroll-devices=\"small-visibility,medium-visibility,large-visibility\"><div class=\"fusion-column-wrapper fusion-column-has-shadow fusion-flex-justify-content-space-evenly fusion-content-layout-column\"><div class=\"fusion-builder-row fusion-builder-row-inner fusion-row fusion-flex-align-items-flex-start fusion-flex-content-wrap\" style=\"--awb-flex-grow:0;--awb-flex-grow-medium:0;--awb-flex-grow-small:0;--awb-flex-shrink:0;--awb-flex-shrink-medium:0;--awb-flex-shrink-small:0;width:104% !important;max-width:104% !important;margin-left: calc(-4% \/ 2 );margin-right: calc(-4% \/ 2 );\"><div class=\"fusion-layout-column fusion_builder_column_inner fusion-builder-nested-column-10 fusion_builder_column_inner_2_5 2_5 fusion-flex-column fusion-flex-align-self-stretch objekt-text\" style=\"--awb-padding-top:5%;--awb-padding-right:10%;--awb-padding-bottom:5%;--awb-padding-left:10%;--awb-padding-top-small:20px;--awb-padding-bottom-small:30px;--awb-bg-color:var(--awb-color6);--awb-bg-color-hover:var(--awb-color6);--awb-bg-size:cover;--awb-width-large:40%;--awb-margin-top-large:0px;--awb-spacing-right-large:4.8%;--awb-margin-bottom-large:20px;--awb-spacing-left-large:4.8%;--awb-width-medium:100%;--awb-order-medium:0;--awb-spacing-right-medium:1.92%;--awb-margin-bottom-medium:0px;--awb-spacing-left-medium:1.92%;--awb-width-small:100%;--awb-order-small:0;--awb-spacing-right-small:1.92%;--awb-margin-bottom-small:0px;--awb-spacing-left-small:1.92%;\" data-scroll-devices=\"small-visibility,medium-visibility,large-visibility\"><div class=\"fusion-column-wrapper fusion-column-has-shadow fusion-flex-justify-content-center fusion-content-layout-column\"><div class=\"fusion-title title fusion-title-14 fusion-sep-none fusion-title-text fusion-title-size-paragraph header-text\" style=\"--awb-text-color:var(--awb-color1);--awb-margin-top-small:10px;--awb-margin-right-small:0px;--awb-margin-bottom-small:10px;--awb-margin-left-small:0px;\"><p class=\"fusion-title-heading title-heading-left title-heading-tag fusion-responsive-typography-calculated\" style=\"font-family:&quot;Roboto&quot;;font-style:normal;font-weight:500;margin:0;text-transform:uppercase;--fontSize:19;--minFontSize:19;line-height:1.6;\">Costa Este - Son Macia<\/p><\/div><div class=\"fusion-title title fusion-title-15 fusion-sep-none fusion-title-text fusion-title-size-two\" style=\"--awb-text-color:var(--awb-color1);--awb-margin-top-small:10px;--awb-margin-right-small:0px;--awb-margin-bottom-small:10px;--awb-margin-left-small:0px;\"><h2 class=\"fusion-title-heading title-heading-left fusion-responsive-typography-calculated\" style=\"margin:0;--fontSize:45;line-height:var(--awb-typography1-line-height);\">Finca con vistas al mar y licencia ETV<\/h2><\/div><div class=\"fusion-text fusion-text-8\" style=\"--awb-text-color:var(--awb-color1);\"><p>En una ubicaci\u00f3n de ensue\u00f1o en la ladera de una colina con vistas al mar, esta finca combina un dise\u00f1o elegante con el aut\u00e9ntico estilo isle\u00f1o. Rodeada de paz, naturaleza y espacio, aqu\u00ed podr\u00e1s disfrutar de una privacidad absoluta, y sin embargo estar\u00e1s a s\u00f3lo unos minutos de las playas m\u00e1s hermosas y de la Academia Rafa Nadal. <\/p>\n<p>Modernizada en 2023, lista para ser ocupada y habitable todo el a\u00f1o: un retiro para llegar, respirar hondo y enamorarse.<\/p>\n<p>Mallorca como debe ser: aut\u00e9ntica, relajada y llena de alegr\u00eda de vivir.<\/p>\n<\/div><ul style=\"--awb-size:20px;--awb-margin-bottom:20px;--awb-item-padding-top:0px;--awb-item-padding-bottom:0px;--awb-odd-row-bgcolor:rgba(255,255,255,0);--awb-even-row-bgcolor:rgba(255,255,255,0);--awb-iconcolor:var(--awb-color1);--awb-textcolor:var(--awb-color1);--awb-line-height:34px;--awb-icon-width:34px;--awb-icon-height:34px;--awb-icon-margin:14px;--awb-content-margin:48px;\" class=\"fusion-checklist fusion-checklist-5 type-icons\" id=\"max4\"><li class=\"fusion-li-item\" style=\"\"><span class=\"icon-wrapper circle-no\"><i class=\"fusion-li-icon fa-angle-right fas\" aria-hidden=\"true\"><\/i><\/span><div class=\"fusion-li-item-content\">varias terrazas amplias<\/div><\/li><li class=\"fusion-li-item\" style=\"\"><span class=\"icon-wrapper circle-no\"><i class=\"fusion-li-icon fa-angle-right fas\" aria-hidden=\"true\"><\/i><\/span><div class=\"fusion-li-item-content\">Calefacci\u00f3n central de gasoil - Aire acondicionado<\/div><\/li><li class=\"fusion-li-item\" style=\"\"><span class=\"icon-wrapper circle-no\"><i class=\"fusion-li-icon fa-angle-right fas\" aria-hidden=\"true\"><\/i><\/span><div class=\"fusion-li-item-content\">Piscina de unos 42 metros cuadrados con zona de relajaci\u00f3n y escaleras de acceso<\/div><\/li><li class=\"fusion-li-item\" style=\"\"><span class=\"icon-wrapper circle-no\"><i class=\"fusion-li-icon fa-angle-right fas\" aria-hidden=\"true\"><\/i><\/span><div class=\"fusion-li-item-content\">Sistema FV<\/div><\/li><li class=\"fusion-li-item\" style=\"\"><span class=\"icon-wrapper circle-no\"><i class=\"fusion-li-icon fa-angle-right fas\" aria-hidden=\"true\"><\/i><\/span><div class=\"fusion-li-item-content\">Otro edificio parcialmente reconvertido con 2 dormitorios m\u00e1s + cuarto de ba\u00f1o<\/div><\/li><li class=\"fusion-li-item\" style=\"\"><span class=\"icon-wrapper circle-no\"><i class=\"fusion-li-icon fa-angle-right fas\" aria-hidden=\"true\"><\/i><\/span><div class=\"fusion-li-item-content\">sala de yoga\/fiestas de unos 55 m2<\/div><\/li><\/ul><span class=\"preis-objektuebersicht\">Precio: EUR 2'390'000<\/span><div ><a class=\"fusion-button button-flat fusion-button-default-size button-default fusion-button-default button-6 fusion-button-default-span fusion-button-default-type btn-details\" style=\"--awb-margin-top:40px;\" target=\"_self\" href=\"https:\/\/casalivo.com\/es\/objekt\/finca-con-vistas-al-mar-y-licencia-etv\/\"><span class=\"fusion-button-text awb-button__text awb-button__text--default\">Detalles de la propiedad<\/span><\/a><\/div><\/div><\/div><div class=\"fusion-layout-column fusion_builder_column_inner fusion-builder-nested-column-11 fusion_builder_column_inner_3_5 3_5 fusion-flex-column fusion-flex-align-self-stretch objekt-bild\" style=\"--awb-bg-position:center center;--awb-bg-size:cover;--awb-width-large:60%;--awb-margin-top-large:0px;--awb-spacing-right-large:3.2%;--awb-margin-bottom-large:20px;--awb-spacing-left-large:3.2%;--awb-width-medium:100%;--awb-order-medium:0;--awb-spacing-right-medium:1.92%;--awb-margin-bottom-medium:0px;--awb-spacing-left-medium:1.92%;--awb-width-small:100%;--awb-order-small:0;--awb-spacing-right-small:1.92%;--awb-margin-bottom-small:0px;--awb-spacing-left-small:1.92%;\" data-scroll-devices=\"small-visibility,medium-visibility,large-visibility\"><div class=\"fusion-column-wrapper lazyload fusion-column-has-shadow fusion-flex-justify-content-flex-start fusion-content-layout-column fusion-column-has-bg-image\" data-bg-url=\"https:\/\/casalivo.com\/wp-content\/uploads\/2025\/04\/WhatsApp-Image-2025-04-04-at-07.31.43-7.jpeg\" data-bg=\"https:\/\/casalivo.com\/wp-content\/uploads\/2025\/04\/WhatsApp-Image-2025-04-04-at-07.31.43-7.jpeg\"><div class=\"fusion-separator fusion-full-width-sep\" style=\"align-self: center;margin-left: auto;margin-right: auto;width:100%;\"><\/div><div class=\"fusion-separator fusion-no-large-visibility fusion-full-width-sep\" style=\"align-self: center;margin-left: auto;margin-right: auto;margin-top:40vh;width:100%;\"><\/div><\/div><\/div><\/div><\/div><\/li>\n<li class=\"fusion-layout-column fusion_builder_column fusion-builder-column-10 fusion-flex-column objekt-container post-card fusion-grid-column fusion-post-cards-grid-column\" style=\"--awb-bg-blend:overlay;--awb-bg-size:cover;--awb-flex-grow:0;--awb-flex-shrink:0;--awb-flex-grow-medium:;--awb-flex-shrink-medium:;--awb-flex-grow-small:;--awb-flex-shrink-small:;\" data-scroll-devices=\"small-visibility,medium-visibility,large-visibility\"><div class=\"fusion-column-wrapper fusion-column-has-shadow fusion-flex-justify-content-space-evenly fusion-content-layout-column\"><div class=\"fusion-builder-row fusion-builder-row-inner fusion-row fusion-flex-align-items-flex-start fusion-flex-content-wrap\" style=\"--awb-flex-grow:0;--awb-flex-grow-medium:0;--awb-flex-grow-small:0;--awb-flex-shrink:0;--awb-flex-shrink-medium:0;--awb-flex-shrink-small:0;width:104% !important;max-width:104% !important;margin-left: calc(-4% \/ 2 );margin-right: calc(-4% \/ 2 );\"><div class=\"fusion-layout-column fusion_builder_column_inner fusion-builder-nested-column-12 fusion_builder_column_inner_2_5 2_5 fusion-flex-column fusion-flex-align-self-stretch objekt-text\" style=\"--awb-padding-top:5%;--awb-padding-right:10%;--awb-padding-bottom:5%;--awb-padding-left:10%;--awb-padding-top-small:20px;--awb-padding-bottom-small:30px;--awb-bg-color:var(--awb-color6);--awb-bg-color-hover:var(--awb-color6);--awb-bg-size:cover;--awb-width-large:40%;--awb-margin-top-large:0px;--awb-spacing-right-large:4.8%;--awb-margin-bottom-large:20px;--awb-spacing-left-large:4.8%;--awb-width-medium:100%;--awb-order-medium:0;--awb-spacing-right-medium:1.92%;--awb-margin-bottom-medium:0px;--awb-spacing-left-medium:1.92%;--awb-width-small:100%;--awb-order-small:0;--awb-spacing-right-small:1.92%;--awb-margin-bottom-small:0px;--awb-spacing-left-small:1.92%;\" data-scroll-devices=\"small-visibility,medium-visibility,large-visibility\"><div class=\"fusion-column-wrapper fusion-column-has-shadow fusion-flex-justify-content-center fusion-content-layout-column\"><div class=\"fusion-title title fusion-title-16 fusion-sep-none fusion-title-text fusion-title-size-paragraph header-text\" style=\"--awb-text-color:var(--awb-color1);--awb-margin-top-small:10px;--awb-margin-right-small:0px;--awb-margin-bottom-small:10px;--awb-margin-left-small:0px;\"><p class=\"fusion-title-heading title-heading-left title-heading-tag fusion-responsive-typography-calculated\" style=\"font-family:&quot;Roboto&quot;;font-style:normal;font-weight:500;margin:0;text-transform:uppercase;--fontSize:19;--minFontSize:19;line-height:1.6;\">Centro de la isla - Sant Lloren\u00e7<\/p><\/div><div class=\"fusion-title title fusion-title-17 fusion-sep-none fusion-title-text fusion-title-size-two\" style=\"--awb-text-color:var(--awb-color1);--awb-margin-top-small:10px;--awb-margin-right-small:0px;--awb-margin-bottom-small:10px;--awb-margin-left-small:0px;\"><h2 class=\"fusion-title-heading title-heading-left fusion-responsive-typography-calculated\" style=\"margin:0;--fontSize:45;line-height:var(--awb-typography1-line-height);\">Finca de nueva construcci\u00f3n en un lugar id\u00edlico cerca de Sant Lloren\u00e7<\/h2><\/div><div class=\"fusion-text fusion-text-9 auszug\" style=\"--awb-text-color:var(--awb-color1);\"><p>Dise\u00f1amos y construimos tu casa finca personal en m\u00e1s de 18.000 m\u00b2, con todos los permisos, planificable individualmente y llave en mano a petici\u00f3n. Alternativamente, puedes comprar s\u00f3lo la parcela con un proyecto aprobado. <\/p>\n<p>Ya se han calculado los materiales de alta calidad, y el interior se puede personalizar con flexibilidad seg\u00fan el estilo, el presupuesto y las necesidades. La electricidad de la ciudad est\u00e1 cerca, es posible una conexi\u00f3n, al igual que la energ\u00eda fotovoltaica y un pozo privado para la m\u00e1xima autosuficiencia. <\/p>\n<p>Estamos deseando mostrarte el lugar y realizar tu proyecto seg\u00fan tus ideas.<\/p>\n<\/div><ul style=\"--awb-size:24px;--awb-item-padding-top:0px;--awb-item-padding-bottom:0px;--awb-odd-row-bgcolor:rgba(255,255,255,0);--awb-even-row-bgcolor:rgba(255,255,255,0);--awb-iconcolor:var(--awb-color1);--awb-textcolor:var(--awb-color1);--awb-line-height:40.8px;--awb-icon-width:40.8px;--awb-icon-height:40.8px;--awb-icon-margin:16.8px;--awb-content-margin:57.6px;\" class=\"fusion-checklist fusion-checklist-6 type-icons preis-objektuebersicht\"><li class=\"fusion-li-item\" style=\"\"><span class=\"icon-wrapper circle-no\"><i class=\"fusion-li-icon awb-icon-check\" aria-hidden=\"true\"><\/i><\/span><div class=\"fusion-li-item-content\">399 000 euros (parcela con planos de construcci\u00f3n aprobados)<\/div><\/li><li class=\"fusion-li-item\" style=\"\"><span class=\"icon-wrapper circle-no\"><i class=\"fusion-li-icon awb-icon-check\" aria-hidden=\"true\"><\/i><\/span><div class=\"fusion-li-item-content\">1.199.000 euros (casa terminada)<\/div><\/li><\/ul><div ><a class=\"fusion-button button-flat fusion-button-default-size button-default fusion-button-default button-7 fusion-button-default-span fusion-button-default-type\" style=\"--awb-margin-top:40px;\" target=\"_self\" href=\"https:\/\/casalivo.com\/es\/objekt\/finca-de-nueva-construccion-en-un-lugar-idilico-cerca-de-sant-llorenc\/\"><span class=\"fusion-button-text awb-button__text awb-button__text--default\">detalles<\/span><\/a><\/div><\/div><\/div><div class=\"fusion-layout-column fusion_builder_column_inner fusion-builder-nested-column-13 fusion_builder_column_inner_3_5 3_5 fusion-flex-column fusion-flex-align-self-stretch objekt-bild\" style=\"--awb-bg-position:center center;--awb-bg-size:cover;--awb-width-large:60%;--awb-margin-top-large:0px;--awb-spacing-right-large:3.2%;--awb-margin-bottom-large:20px;--awb-spacing-left-large:3.2%;--awb-width-medium:100%;--awb-order-medium:0;--awb-spacing-right-medium:1.92%;--awb-margin-bottom-medium:0px;--awb-spacing-left-medium:1.92%;--awb-width-small:100%;--awb-order-small:0;--awb-spacing-right-small:1.92%;--awb-margin-bottom-small:0px;--awb-spacing-left-small:1.92%;\" data-scroll-devices=\"small-visibility,medium-visibility,large-visibility\"><div class=\"fusion-column-wrapper lazyload fusion-column-has-shadow fusion-flex-justify-content-flex-start fusion-content-layout-column fusion-column-has-bg-image\" data-bg-url=\"https:\/\/casalivo.com\/wp-content\/uploads\/2025\/03\/Render-Suedansicht-scaled.png\" data-bg=\"https:\/\/casalivo.com\/wp-content\/uploads\/2025\/03\/Render-Suedansicht-scaled.png\"><div class=\"fusion-separator fusion-full-width-sep\" style=\"align-self: center;margin-left: auto;margin-right: auto;width:100%;\"><\/div><div class=\"fusion-separator fusion-no-large-visibility fusion-full-width-sep\" style=\"align-self: center;margin-left: auto;margin-right: auto;margin-top:40vh;width:100%;\"><\/div><\/div><\/div><\/div><\/div><\/li>\n<li class=\"fusion-layout-column fusion_builder_column fusion-builder-column-11 fusion-flex-column objekt-container post-card fusion-grid-column fusion-post-cards-grid-column\" style=\"--awb-bg-blend:overlay;--awb-bg-size:cover;--awb-flex-grow:0;--awb-flex-shrink:0;--awb-flex-grow-medium:;--awb-flex-shrink-medium:;--awb-flex-grow-small:;--awb-flex-shrink-small:;\" data-scroll-devices=\"small-visibility,medium-visibility,large-visibility\"><div class=\"fusion-column-wrapper fusion-column-has-shadow fusion-flex-justify-content-space-evenly fusion-content-layout-column\"><div class=\"fusion-builder-row fusion-builder-row-inner fusion-row fusion-flex-align-items-flex-start fusion-flex-content-wrap\" style=\"--awb-flex-grow:0;--awb-flex-grow-medium:0;--awb-flex-grow-small:0;--awb-flex-shrink:0;--awb-flex-shrink-medium:0;--awb-flex-shrink-small:0;width:104% !important;max-width:104% !important;margin-left: calc(-4% \/ 2 );margin-right: calc(-4% \/ 2 );\"><div class=\"fusion-layout-column fusion_builder_column_inner fusion-builder-nested-column-14 fusion_builder_column_inner_2_5 2_5 fusion-flex-column fusion-flex-align-self-stretch objekt-text\" style=\"--awb-padding-top:5%;--awb-padding-right:10%;--awb-padding-bottom:5%;--awb-padding-left:10%;--awb-padding-top-small:20px;--awb-padding-bottom-small:30px;--awb-bg-color:var(--awb-color6);--awb-bg-color-hover:var(--awb-color6);--awb-bg-size:cover;--awb-width-large:40%;--awb-margin-top-large:0px;--awb-spacing-right-large:4.8%;--awb-margin-bottom-large:20px;--awb-spacing-left-large:4.8%;--awb-width-medium:100%;--awb-order-medium:0;--awb-spacing-right-medium:1.92%;--awb-margin-bottom-medium:0px;--awb-spacing-left-medium:1.92%;--awb-width-small:100%;--awb-order-small:0;--awb-spacing-right-small:1.92%;--awb-margin-bottom-small:0px;--awb-spacing-left-small:1.92%;\" data-scroll-devices=\"small-visibility,medium-visibility,large-visibility\"><div class=\"fusion-column-wrapper fusion-column-has-shadow fusion-flex-justify-content-center fusion-content-layout-column\"><div class=\"fusion-title title fusion-title-18 fusion-sep-none fusion-title-text fusion-title-size-paragraph header-text\" style=\"--awb-text-color:var(--awb-color1);--awb-margin-top-small:10px;--awb-margin-right-small:0px;--awb-margin-bottom-small:10px;--awb-margin-left-small:0px;\"><p class=\"fusion-title-heading title-heading-left title-heading-tag fusion-responsive-typography-calculated\" style=\"font-family:&quot;Roboto&quot;;font-style:normal;font-weight:500;margin:0;text-transform:uppercase;--fontSize:19;--minFontSize:19;line-height:1.6;\">Cala Figuera<\/p><\/div><div class=\"fusion-title title fusion-title-19 fusion-sep-none fusion-title-text fusion-title-size-two\" style=\"--awb-text-color:var(--awb-color1);--awb-margin-top-small:10px;--awb-margin-right-small:0px;--awb-margin-bottom-small:10px;--awb-margin-left-small:0px;\"><h2 class=\"fusion-title-heading title-heading-left fusion-responsive-typography-calculated\" style=\"margin:0;--fontSize:45;line-height:var(--awb-typography1-line-height);\">Estilo de vida mediterr\u00e1neo al m\u00e1s alto nivel: finca tipo hacienda cerca del mar<\/h2><\/div><div class=\"fusion-text fusion-text-10\" style=\"--awb-text-color:var(--awb-color1);\"><p>En la pintoresca Cala Figuera, a solo unos pasos del mar, estamos renovando y construyendo un refugio excepcional que combina la arquitectura mediterr\u00e1nea con la tecnolog\u00eda m\u00e1s moderna y el m\u00e1ximo confort.<\/p>\n<p>En una parcela de unos 1.000 m\u00b2 se est\u00e1 construyendo una villa exclusiva con unos 280 m\u00b2 de superficie habitable. El cuidado dise\u00f1o de los espacios incluye amplias zonas interiores y exteriores, una piscina infinita con una amplia terraza, elegantes zonas de barbacoa y un jard\u00edn mediterr\u00e1neo-tropical dise\u00f1ado con mucho cari\u00f1o y con riego autom\u00e1tico. <\/p>\n<p>Otros puntos destacados son una espectacular terraza en la azotea con jacuzzi y zona de descanso, una sala multifuncional con m\u00faltiples usos, una elegante bodega y dos cocinas equipadas con materiales de alta calidad. La tecnolog\u00eda dom\u00f3tica, la calefacci\u00f3n por suelo radiante con bomba de calor de aire, la instalaci\u00f3n fotovoltaica y una chimenea de gas autom\u00e1tica garantizan un confort moderno y sostenible. <\/p>\n<p>La amplia suite principal, con terraza privada, ba\u00f1era exterior y ducha al aire libre, crea una conexi\u00f3n especial entre el interior y el exterior.<\/p>\n<p>Precio del terreno, con los planos de construcci\u00f3n aprobados incluidos: 1,95 millones de \u20ac\nPrecio \u00abllave en mano\u00bb: 3,75 millones de \u20ac <\/p>\n<p>La planificaci\u00f3n, el dise\u00f1o y la gesti\u00f3n integral del proyecto corren a cargo de Casalivo S. L., tu socio de confianza para proyectos de construcci\u00f3n exclusivos en Mallorca.<\/p>\n<\/div><ul style=\"--awb-size:20px;--awb-margin-bottom:20px;--awb-item-padding-top:0px;--awb-item-padding-bottom:0px;--awb-odd-row-bgcolor:rgba(255,255,255,0);--awb-even-row-bgcolor:rgba(255,255,255,0);--awb-iconcolor:var(--awb-color1);--awb-textcolor:var(--awb-color1);--awb-line-height:34px;--awb-icon-width:34px;--awb-icon-height:34px;--awb-icon-margin:14px;--awb-content-margin:48px;\" class=\"fusion-checklist fusion-checklist-7 type-icons\" id=\"max4\"><li class=\"fusion-li-item\" style=\"\"><span class=\"icon-wrapper circle-no\"><i class=\"fusion-li-icon fa-angle-right fas\" aria-hidden=\"true\"><\/i><\/span><div class=\"fusion-li-item-content\">paredes de piedra natural de lujo<\/div><\/li><li class=\"fusion-li-item\" style=\"\"><span class=\"icon-wrapper circle-no\"><i class=\"fusion-li-icon fa-angle-right fas\" aria-hidden=\"true\"><\/i><\/span><div class=\"fusion-li-item-content\">Unas 300 m\u00b2 de terraza al aire libre y cubierta  <\/div><\/li><li class=\"fusion-li-item\" style=\"\"><span class=\"icon-wrapper circle-no\"><i class=\"fusion-li-icon fa-angle-right fas\" aria-hidden=\"true\"><\/i><\/span><div class=\"fusion-li-item-content\">Piscina infinita con barbacoa y caseta junto a la piscina<\/div><\/li><li class=\"fusion-li-item\" style=\"\"><span class=\"icon-wrapper circle-no\"><i class=\"fusion-li-icon fa-angle-right fas\" aria-hidden=\"true\"><\/i><\/span><div class=\"fusion-li-item-content\">cocinas de alta calidad<\/div><\/li><li class=\"fusion-li-item\" style=\"\"><span class=\"icon-wrapper circle-no\"><i class=\"fusion-li-icon fa-angle-right fas\" aria-hidden=\"true\"><\/i><\/span><div class=\"fusion-li-item-content\">Sistema de seguridad<\/div><\/li><li class=\"fusion-li-item\" style=\"\"><span class=\"icon-wrapper circle-no\"><i class=\"fusion-li-icon fa-angle-right fas\" aria-hidden=\"true\"><\/i><\/span><div class=\"fusion-li-item-content\">espectacular terraza en la azotea<\/div><\/li><\/ul><span class=\"preis-objektuebersicht\">Precio: EUR 1'950'000<\/span><div ><a class=\"fusion-button button-flat fusion-button-default-size button-default fusion-button-default button-8 fusion-button-default-span fusion-button-default-type btn-details\" style=\"--awb-margin-top:40px;\" target=\"_self\" href=\"https:\/\/casalivo.com\/es\/objekt\/estilo-de-vida-mediterraneo-al-mas-alto-nivel-finca-tipo-hacienda-cerca-del-mar\/\"><span class=\"fusion-button-text awb-button__text awb-button__text--default\">Detalles de la propiedad<\/span><\/a><\/div><\/div><\/div><div class=\"fusion-layout-column fusion_builder_column_inner fusion-builder-nested-column-15 fusion_builder_column_inner_3_5 3_5 fusion-flex-column fusion-flex-align-self-stretch objekt-bild\" style=\"--awb-bg-position:center center;--awb-bg-size:cover;--awb-width-large:60%;--awb-margin-top-large:0px;--awb-spacing-right-large:3.2%;--awb-margin-bottom-large:20px;--awb-spacing-left-large:3.2%;--awb-width-medium:100%;--awb-order-medium:0;--awb-spacing-right-medium:1.92%;--awb-margin-bottom-medium:0px;--awb-spacing-left-medium:1.92%;--awb-width-small:100%;--awb-order-small:0;--awb-spacing-right-small:1.92%;--awb-margin-bottom-small:0px;--awb-spacing-left-small:1.92%;\" data-scroll-devices=\"small-visibility,medium-visibility,large-visibility\"><div class=\"fusion-column-wrapper lazyload fusion-column-has-shadow fusion-flex-justify-content-flex-start fusion-content-layout-column fusion-column-has-bg-image\" data-bg-url=\"https:\/\/casalivo.com\/wp-content\/uploads\/2025\/12\/06-Cala-Figuera-Porxada-posterior-i-pergola_Post.jpg\" data-bg=\"https:\/\/casalivo.com\/wp-content\/uploads\/2025\/12\/06-Cala-Figuera-Porxada-posterior-i-pergola_Post.jpg\"><div class=\"fusion-separator fusion-full-width-sep\" style=\"align-self: center;margin-left: auto;margin-right: auto;width:100%;\"><\/div><div class=\"fusion-separator fusion-no-large-visibility fusion-full-width-sep\" style=\"align-self: center;margin-left: auto;margin-right: auto;margin-top:40vh;width:100%;\"><\/div><\/div><\/div><\/div><\/div><\/li>\n<li class=\"fusion-layout-column fusion_builder_column fusion-builder-column-12 fusion-flex-column objekt-container post-card fusion-grid-column fusion-post-cards-grid-column\" style=\"--awb-bg-blend:overlay;--awb-bg-size:cover;--awb-flex-grow:0;--awb-flex-shrink:0;--awb-flex-grow-medium:;--awb-flex-shrink-medium:;--awb-flex-grow-small:;--awb-flex-shrink-small:;\" data-scroll-devices=\"small-visibility,medium-visibility,large-visibility\"><div class=\"fusion-column-wrapper fusion-column-has-shadow fusion-flex-justify-content-space-evenly fusion-content-layout-column\"><div class=\"fusion-builder-row fusion-builder-row-inner fusion-row fusion-flex-align-items-flex-start fusion-flex-content-wrap\" style=\"--awb-flex-grow:0;--awb-flex-grow-medium:0;--awb-flex-grow-small:0;--awb-flex-shrink:0;--awb-flex-shrink-medium:0;--awb-flex-shrink-small:0;width:104% !important;max-width:104% !important;margin-left: calc(-4% \/ 2 );margin-right: calc(-4% \/ 2 );\"><div class=\"fusion-layout-column fusion_builder_column_inner fusion-builder-nested-column-16 fusion_builder_column_inner_2_5 2_5 fusion-flex-column fusion-flex-align-self-stretch objekt-text\" style=\"--awb-padding-top:5%;--awb-padding-right:10%;--awb-padding-bottom:5%;--awb-padding-left:10%;--awb-padding-top-small:20px;--awb-padding-bottom-small:30px;--awb-bg-color:var(--awb-color6);--awb-bg-color-hover:var(--awb-color6);--awb-bg-size:cover;--awb-width-large:40%;--awb-margin-top-large:0px;--awb-spacing-right-large:4.8%;--awb-margin-bottom-large:20px;--awb-spacing-left-large:4.8%;--awb-width-medium:100%;--awb-order-medium:0;--awb-spacing-right-medium:1.92%;--awb-margin-bottom-medium:0px;--awb-spacing-left-medium:1.92%;--awb-width-small:100%;--awb-order-small:0;--awb-spacing-right-small:1.92%;--awb-margin-bottom-small:0px;--awb-spacing-left-small:1.92%;\" data-scroll-devices=\"small-visibility,medium-visibility,large-visibility\"><div class=\"fusion-column-wrapper fusion-column-has-shadow fusion-flex-justify-content-center fusion-content-layout-column\"><div class=\"fusion-title title fusion-title-20 fusion-sep-none fusion-title-text fusion-title-size-paragraph header-text\" style=\"--awb-text-color:var(--awb-color1);--awb-margin-top-small:10px;--awb-margin-right-small:0px;--awb-margin-bottom-small:10px;--awb-margin-left-small:0px;\"><p class=\"fusion-title-heading title-heading-left title-heading-tag fusion-responsive-typography-calculated\" style=\"font-family:&quot;Roboto&quot;;font-style:normal;font-weight:500;margin:0;text-transform:uppercase;--fontSize:19;--minFontSize:19;line-height:1.6;\">Centro de la isla - Manacor - Son Moix<\/p><\/div><div class=\"fusion-title title fusion-title-21 fusion-sep-none fusion-title-text fusion-title-size-two\" style=\"--awb-text-color:var(--awb-color1);--awb-margin-top-small:10px;--awb-margin-right-small:0px;--awb-margin-bottom-small:10px;--awb-margin-left-small:0px;\"><h2 class=\"fusion-title-heading title-heading-left fusion-responsive-typography-calculated\" style=\"margin:0;--fontSize:45;line-height:var(--awb-typography1-line-height);\">Finca de ensue\u00f1o &#8211; Son Moix &#8211; Cerca de la Academia Rafa Nadal<\/h2><\/div><div class=\"fusion-text fusion-text-11 auszug\" style=\"--awb-text-color:var(--awb-color1);\"><p>En una ubicaci\u00f3n fant\u00e1stica entre Manacor, Son Maci\u00e0 y Felanitx, se est\u00e1 construyendo sobre unos 21.000 m\u00b2 esta moderna finca con m\u00e1s de 350 m\u00b2 de superficie habitable, vistas panor\u00e1micas hasta la Tramuntana y perfecta orientaci\u00f3n suroeste. Mobiliario de alta calidad, habitaciones luminosas, piscina, terraza en la azotea, opci\u00f3n de bienestar y tecnolog\u00eda sostenible la convierten en un refugio con estilo. Las playas, el deporte y la naturaleza est\u00e1n a s\u00f3lo unos minutos: podemos ayudarte a personalizar la finca de tus sue\u00f1os si lo solicitas.  <\/p>\n<\/div><ul style=\"--awb-size:24px;--awb-item-padding-top:0px;--awb-item-padding-bottom:0px;--awb-odd-row-bgcolor:rgba(255,255,255,0);--awb-even-row-bgcolor:rgba(255,255,255,0);--awb-iconcolor:var(--awb-color1);--awb-textcolor:var(--awb-color1);--awb-line-height:40.8px;--awb-icon-width:40.8px;--awb-icon-height:40.8px;--awb-icon-margin:16.8px;--awb-content-margin:57.6px;\" class=\"fusion-checklist fusion-checklist-8 type-icons preis-objektuebersicht\"><li class=\"fusion-li-item\" style=\"\"><span class=\"icon-wrapper circle-no\"><i class=\"fusion-li-icon awb-icon-check\" aria-hidden=\"true\"><\/i><\/span><div class=\"fusion-li-item-content\">315.000 euros (parcela con planos de construcci\u00f3n aprobados)<\/div><\/li><li class=\"fusion-li-item\" style=\"\"><span class=\"icon-wrapper circle-no\"><i class=\"fusion-li-icon awb-icon-check\" aria-hidden=\"true\"><\/i><\/span><div class=\"fusion-li-item-content\">1 400 000 euros (casa terminada)<\/div><\/li><\/ul><div ><a class=\"fusion-button button-flat fusion-button-default-size button-default fusion-button-default button-9 fusion-button-default-span fusion-button-default-type\" style=\"--awb-margin-top:40px;\" target=\"_self\" href=\"https:\/\/casalivo.com\/es\/objekt\/finca-de-ensueno-son-moix-cerca-de-la-academia-rafa-nadal\/\"><span class=\"fusion-button-text awb-button__text awb-button__text--default\">detalles<\/span><\/a><\/div><\/div><\/div><div class=\"fusion-layout-column fusion_builder_column_inner fusion-builder-nested-column-17 fusion_builder_column_inner_3_5 3_5 fusion-flex-column fusion-flex-align-self-stretch objekt-bild\" style=\"--awb-bg-position:center center;--awb-bg-size:cover;--awb-width-large:60%;--awb-margin-top-large:0px;--awb-spacing-right-large:3.2%;--awb-margin-bottom-large:20px;--awb-spacing-left-large:3.2%;--awb-width-medium:100%;--awb-order-medium:0;--awb-spacing-right-medium:1.92%;--awb-margin-bottom-medium:0px;--awb-spacing-left-medium:1.92%;--awb-width-small:100%;--awb-order-small:0;--awb-spacing-right-small:1.92%;--awb-margin-bottom-small:0px;--awb-spacing-left-small:1.92%;\" data-scroll-devices=\"small-visibility,medium-visibility,large-visibility\"><div class=\"fusion-column-wrapper lazyload fusion-column-has-shadow fusion-flex-justify-content-flex-start fusion-content-layout-column fusion-column-has-bg-image\" data-bg-url=\"https:\/\/casalivo.com\/wp-content\/uploads\/2025\/03\/par-sonmoix-ext-02-scaled.jpg\" data-bg=\"https:\/\/casalivo.com\/wp-content\/uploads\/2025\/03\/par-sonmoix-ext-02-scaled.jpg\"><div class=\"fusion-separator fusion-full-width-sep\" style=\"align-self: center;margin-left: auto;margin-right: auto;width:100%;\"><\/div><div class=\"fusion-separator fusion-no-large-visibility fusion-full-width-sep\" style=\"align-self: center;margin-left: auto;margin-right: auto;margin-top:40vh;width:100%;\"><\/div><\/div><\/div><\/div><\/div><\/li>\n<li class=\"fusion-layout-column fusion_builder_column fusion-builder-column-13 fusion-flex-column objekt-container post-card fusion-grid-column fusion-post-cards-grid-column\" style=\"--awb-bg-blend:overlay;--awb-bg-size:cover;--awb-flex-grow:0;--awb-flex-shrink:0;--awb-flex-grow-medium:;--awb-flex-shrink-medium:;--awb-flex-grow-small:;--awb-flex-shrink-small:;\" data-scroll-devices=\"small-visibility,medium-visibility,large-visibility\"><div class=\"fusion-column-wrapper fusion-column-has-shadow fusion-flex-justify-content-space-evenly fusion-content-layout-column\"><div class=\"fusion-builder-row fusion-builder-row-inner fusion-row fusion-flex-align-items-flex-start fusion-flex-content-wrap\" style=\"--awb-flex-grow:0;--awb-flex-grow-medium:0;--awb-flex-grow-small:0;--awb-flex-shrink:0;--awb-flex-shrink-medium:0;--awb-flex-shrink-small:0;width:104% !important;max-width:104% !important;margin-left: calc(-4% \/ 2 );margin-right: calc(-4% \/ 2 );\"><div class=\"fusion-layout-column fusion_builder_column_inner fusion-builder-nested-column-18 fusion_builder_column_inner_2_5 2_5 fusion-flex-column fusion-flex-align-self-stretch objekt-text\" style=\"--awb-padding-top:5%;--awb-padding-right:10%;--awb-padding-bottom:5%;--awb-padding-left:10%;--awb-padding-top-small:20px;--awb-padding-bottom-small:30px;--awb-bg-color:var(--awb-color6);--awb-bg-color-hover:var(--awb-color6);--awb-bg-size:cover;--awb-width-large:40%;--awb-margin-top-large:0px;--awb-spacing-right-large:4.8%;--awb-margin-bottom-large:20px;--awb-spacing-left-large:4.8%;--awb-width-medium:100%;--awb-order-medium:0;--awb-spacing-right-medium:1.92%;--awb-margin-bottom-medium:0px;--awb-spacing-left-medium:1.92%;--awb-width-small:100%;--awb-order-small:0;--awb-spacing-right-small:1.92%;--awb-margin-bottom-small:0px;--awb-spacing-left-small:1.92%;\" data-scroll-devices=\"small-visibility,medium-visibility,large-visibility\"><div class=\"fusion-column-wrapper fusion-column-has-shadow fusion-flex-justify-content-center fusion-content-layout-column\"><div class=\"fusion-title title fusion-title-22 fusion-sep-none fusion-title-text fusion-title-size-paragraph header-text\" style=\"--awb-text-color:var(--awb-color1);--awb-margin-top-small:10px;--awb-margin-right-small:0px;--awb-margin-bottom-small:10px;--awb-margin-left-small:0px;\"><p class=\"fusion-title-heading title-heading-left title-heading-tag fusion-responsive-typography-calculated\" style=\"font-family:&quot;Roboto&quot;;font-style:normal;font-weight:500;margin:0;text-transform:uppercase;--fontSize:19;--minFontSize:19;line-height:1.6;\">Centro de la isla - Manacor - Son Moix 1<\/p><\/div><div class=\"fusion-title title fusion-title-23 fusion-sep-none fusion-title-text fusion-title-size-two\" style=\"--awb-text-color:var(--awb-color1);--awb-margin-top-small:10px;--awb-margin-right-small:0px;--awb-margin-bottom-small:10px;--awb-margin-left-small:0px;\"><h2 class=\"fusion-title-heading title-heading-left fusion-responsive-typography-calculated\" style=\"margin:0;--fontSize:45;line-height:var(--awb-typography1-line-height);\">Nueva construcci\u00f3n de una finca tradicional<\/h2><\/div><div class=\"fusion-text fusion-text-12 auszug\" style=\"--awb-text-color:var(--awb-color1);\"><p>Tu proyecto de finca personalizado se construye en una parcela id\u00edlica de m\u00e1s de 15.000 m\u00b2, con todos los permisos, llave en mano opcional y calculado con un alto nivel de calidad. T\u00fa decides: s\u00f3lo la parcela con el proyecto o una nueva construcci\u00f3n completa seg\u00fan tus deseos. <\/p>\n<p>El interior se puede personalizar, al igual que el precio, seg\u00fan el presupuesto y las necesidades de equipamiento. La electricidad de la ciudad est\u00e1 cerca, tambi\u00e9n son posibles la energ\u00eda fotovoltaica y los pozos, para lograr la m\u00e1xima independencia. <\/p>\n<p>Estaremos encantados de asesorarte personalmente y mostrarte in situ la ubicaci\u00f3n especial.\nEstaremos encantados de ayudarte a personalizar la casa de tus sue\u00f1os y mostrarte la magn\u00edfica ubicaci\u00f3n.<\/p>\n<\/div><ul style=\"--awb-size:24px;--awb-item-padding-top:0px;--awb-item-padding-bottom:0px;--awb-odd-row-bgcolor:rgba(255,255,255,0);--awb-even-row-bgcolor:rgba(255,255,255,0);--awb-iconcolor:var(--awb-color1);--awb-textcolor:var(--awb-color1);--awb-line-height:40.8px;--awb-icon-width:40.8px;--awb-icon-height:40.8px;--awb-icon-margin:16.8px;--awb-content-margin:57.6px;\" class=\"fusion-checklist fusion-checklist-9 type-icons preis-objektuebersicht\"><li class=\"fusion-li-item\" style=\"\"><span class=\"icon-wrapper circle-no\"><i class=\"fusion-li-icon awb-icon-check\" aria-hidden=\"true\"><\/i><\/span><div class=\"fusion-li-item-content\">245.000 \u20ac (parcela con planos de construcci\u00f3n aprobados)<\/div><\/li><li class=\"fusion-li-item\" style=\"\"><span class=\"icon-wrapper circle-no\"><i class=\"fusion-li-icon awb-icon-check\" aria-hidden=\"true\"><\/i><\/span><div class=\"fusion-li-item-content\">895.000 \u20ac (casa terminada)<\/div><\/li><\/ul><div ><a class=\"fusion-button button-flat fusion-button-default-size button-default fusion-button-default button-10 fusion-button-default-span fusion-button-default-type\" style=\"--awb-margin-top:40px;\" target=\"_self\" href=\"https:\/\/casalivo.com\/es\/objekt\/nueva-construccion-de-una-finca-tipica\/\"><span class=\"fusion-button-text awb-button__text awb-button__text--default\">detalles<\/span><\/a><\/div><\/div><\/div><div class=\"fusion-layout-column fusion_builder_column_inner fusion-builder-nested-column-19 fusion_builder_column_inner_3_5 3_5 fusion-flex-column fusion-flex-align-self-stretch objekt-bild\" style=\"--awb-bg-position:center center;--awb-bg-size:cover;--awb-width-large:60%;--awb-margin-top-large:0px;--awb-spacing-right-large:3.2%;--awb-margin-bottom-large:20px;--awb-spacing-left-large:3.2%;--awb-width-medium:100%;--awb-order-medium:0;--awb-spacing-right-medium:1.92%;--awb-margin-bottom-medium:0px;--awb-spacing-left-medium:1.92%;--awb-width-small:100%;--awb-order-small:0;--awb-spacing-right-small:1.92%;--awb-margin-bottom-small:0px;--awb-spacing-left-small:1.92%;\" data-scroll-devices=\"small-visibility,medium-visibility,large-visibility\"><div class=\"fusion-column-wrapper lazyload fusion-column-has-shadow fusion-flex-justify-content-flex-start fusion-content-layout-column fusion-column-has-bg-image\" data-bg-url=\"https:\/\/casalivo.com\/wp-content\/uploads\/2025\/02\/Bildschirmfoto-2025-11-27-um-11.58.44-scaled.png\" data-bg=\"https:\/\/casalivo.com\/wp-content\/uploads\/2025\/02\/Bildschirmfoto-2025-11-27-um-11.58.44-scaled.png\"><div class=\"fusion-separator fusion-full-width-sep\" style=\"align-self: center;margin-left: auto;margin-right: auto;width:100%;\"><\/div><div class=\"fusion-separator fusion-no-large-visibility fusion-full-width-sep\" style=\"align-self: center;margin-left: auto;margin-right: auto;margin-top:40vh;width:100%;\"><\/div><\/div><\/div><\/div><\/div><\/li>\n<\/ul><div class=\"pagination clearfix\"><span class=\"current\">1<\/span><a href=\"https:\/\/casalivo.com\/es\/wp-json\/wp\/v2\/pages\/3243\/page\/2\/\" class=\"inactive\">2<\/a><a class=\"pagination-next\" rel=\"next\" href=\"https:\/\/casalivo.com\/es\/wp-json\/wp\/v2\/pages\/3243\/page\/2\/\"><span class=\"page-text\">Next<\/span><span class=\"page-next\"><\/span><\/a><\/div><div class=\"fusion-clearfix\"><\/div><\/div><\/div><\/div><\/div><\/div><\/p>\n","protected":false},"excerpt":{"rendered":"","protected":false},"author":1,"featured_media":2169,"parent":0,"menu_order":0,"comment_status":"closed","ping_status":"closed","template":"100-width.php","meta":{"_acf_changed":false,"footnotes":""},"class_list":["post-3243","page","type-page","status-publish","has-post-thumbnail","hentry"],"acf":[],"yoast_head":"<!-- This site is optimized with the Yoast SEO plugin v28.2 - https:\/\/yoast.com\/product\/yoast-seo-wordpress\/ -->\n<title>Arte y dise\u00f1o creativo - casalivo s. l.<\/title>\n<meta name=\"robots\" content=\"index, follow, max-snippet:-1, max-image-preview:large, max-video-preview:-1\" \/>\n<link rel=\"canonical\" href=\"https:\/\/casalivo.com\/es\/arte-y-diseno-creativo\/\" \/>\n<meta property=\"og:locale\" content=\"es_ES\" \/>\n<meta property=\"og:type\" content=\"article\" \/>\n<meta property=\"og:title\" content=\"Arte y dise\u00f1o creativo - casalivo s. l.\" \/>\n<meta property=\"og:url\" content=\"https:\/\/casalivo.com\/es\/arte-y-diseno-creativo\/\" \/>\n<meta property=\"og:site_name\" content=\"casalivo s. l.\" \/>\n<meta property=\"article:publisher\" content=\"https:\/\/www.facebook.com\/profile.php?id=100064261653503\" \/>\n<meta property=\"article:modified_time\" content=\"2024-02-21T09:07:28+00:00\" \/>\n<meta property=\"og:image\" content=\"https:\/\/casalivo.com\/wp-content\/uploads\/2023\/11\/WhatsAppImage2022-03-02at17.29.172.jpeg\" \/>\n\t<meta property=\"og:image:width\" content=\"1600\" \/>\n\t<meta property=\"og:image:height\" content=\"1048\" \/>\n\t<meta property=\"og:image:type\" content=\"image\/jpeg\" \/>\n<meta name=\"twitter:card\" content=\"summary_large_image\" \/>\n<meta name=\"twitter:label1\" content=\"Tiempo de lectura\" \/>\n\t<meta name=\"twitter:data1\" content=\"24 minutos\" \/>\n<script type=\"application\/ld+json\" class=\"yoast-schema-graph\">{\"@context\":\"https:\\\/\\\/schema.org\",\"@graph\":[{\"@type\":\"WebPage\",\"@id\":\"https:\\\/\\\/casalivo.com\\\/es\\\/arte-y-diseno-creativo\\\/\",\"url\":\"https:\\\/\\\/casalivo.com\\\/es\\\/arte-y-diseno-creativo\\\/\",\"name\":\"Arte y dise\u00f1o creativo - casalivo s. l.\",\"isPartOf\":{\"@id\":\"https:\\\/\\\/casalivo.com\\\/es\\\/#website\"},\"primaryImageOfPage\":{\"@id\":\"https:\\\/\\\/casalivo.com\\\/es\\\/arte-y-diseno-creativo\\\/#primaryimage\"},\"image\":{\"@id\":\"https:\\\/\\\/casalivo.com\\\/es\\\/arte-y-diseno-creativo\\\/#primaryimage\"},\"thumbnailUrl\":\"https:\\\/\\\/casalivo.com\\\/wp-content\\\/uploads\\\/2023\\\/11\\\/WhatsAppImage2022-03-02at17.29.172.jpeg\",\"datePublished\":\"2023-11-30T17:25:32+00:00\",\"dateModified\":\"2024-02-21T09:07:28+00:00\",\"breadcrumb\":{\"@id\":\"https:\\\/\\\/casalivo.com\\\/es\\\/arte-y-diseno-creativo\\\/#breadcrumb\"},\"inLanguage\":\"es\",\"potentialAction\":[{\"@type\":\"ReadAction\",\"target\":[\"https:\\\/\\\/casalivo.com\\\/es\\\/arte-y-diseno-creativo\\\/\"]}]},{\"@type\":\"ImageObject\",\"inLanguage\":\"es\",\"@id\":\"https:\\\/\\\/casalivo.com\\\/es\\\/arte-y-diseno-creativo\\\/#primaryimage\",\"url\":\"https:\\\/\\\/casalivo.com\\\/wp-content\\\/uploads\\\/2023\\\/11\\\/WhatsAppImage2022-03-02at17.29.172.jpeg\",\"contentUrl\":\"https:\\\/\\\/casalivo.com\\\/wp-content\\\/uploads\\\/2023\\\/11\\\/WhatsAppImage2022-03-02at17.29.172.jpeg\",\"width\":1600,\"height\":1048,\"caption\":\"MEHR ERFAHREN\"},{\"@type\":\"BreadcrumbList\",\"@id\":\"https:\\\/\\\/casalivo.com\\\/es\\\/arte-y-diseno-creativo\\\/#breadcrumb\",\"itemListElement\":[{\"@type\":\"ListItem\",\"position\":1,\"name\":\"Startseite\",\"item\":\"https:\\\/\\\/casalivo.com\\\/es\\\/inicio\\\/\"},{\"@type\":\"ListItem\",\"position\":2,\"name\":\"Arte y dise\u00f1o creativo\"}]},{\"@type\":\"WebSite\",\"@id\":\"https:\\\/\\\/casalivo.com\\\/es\\\/#website\",\"url\":\"https:\\\/\\\/casalivo.com\\\/es\\\/\",\"name\":\"casalivo s. l.\",\"description\":\"Verkauf, vermietung, planung und renovierung von Immobilien auf Mallorca\",\"publisher\":{\"@id\":\"https:\\\/\\\/casalivo.com\\\/es\\\/#organization\"},\"potentialAction\":[{\"@type\":\"SearchAction\",\"target\":{\"@type\":\"EntryPoint\",\"urlTemplate\":\"https:\\\/\\\/casalivo.com\\\/es\\\/?s={search_term_string}\"},\"query-input\":{\"@type\":\"PropertyValueSpecification\",\"valueRequired\":true,\"valueName\":\"search_term_string\"}}],\"inLanguage\":\"es\"},{\"@type\":\"Organization\",\"@id\":\"https:\\\/\\\/casalivo.com\\\/es\\\/#organization\",\"name\":\"casalivo s. l.\",\"url\":\"https:\\\/\\\/casalivo.com\\\/es\\\/\",\"logo\":{\"@type\":\"ImageObject\",\"inLanguage\":\"es\",\"@id\":\"https:\\\/\\\/casalivo.com\\\/es\\\/#\\\/schema\\\/logo\\\/image\\\/\",\"url\":\"https:\\\/\\\/casalivo.com\\\/wp-content\\\/uploads\\\/2023\\\/10\\\/Casalivo-Logo_h190-1.png\",\"contentUrl\":\"https:\\\/\\\/casalivo.com\\\/wp-content\\\/uploads\\\/2023\\\/10\\\/Casalivo-Logo_h190-1.png\",\"width\":300,\"height\":93,\"caption\":\"casalivo s. l.\"},\"image\":{\"@id\":\"https:\\\/\\\/casalivo.com\\\/es\\\/#\\\/schema\\\/logo\\\/image\\\/\"},\"sameAs\":[\"https:\\\/\\\/www.facebook.com\\\/profile.php?id=100064261653503\",\"https:\\\/\\\/www.instagram.com\\\/casalivo\\\/\"]}]}<\/script>\n<!-- \/ Yoast SEO plugin. -->","yoast_head_json":{"title":"Arte y dise\u00f1o creativo - casalivo s. l.","robots":{"index":"index","follow":"follow","max-snippet":"max-snippet:-1","max-image-preview":"max-image-preview:large","max-video-preview":"max-video-preview:-1"},"canonical":"https:\/\/casalivo.com\/es\/arte-y-diseno-creativo\/","og_locale":"es_ES","og_type":"article","og_title":"Arte y dise\u00f1o creativo - casalivo s. l.","og_url":"https:\/\/casalivo.com\/es\/arte-y-diseno-creativo\/","og_site_name":"casalivo s. l.","article_publisher":"https:\/\/www.facebook.com\/profile.php?id=100064261653503","article_modified_time":"2024-02-21T09:07:28+00:00","og_image":[{"width":1600,"height":1048,"url":"https:\/\/casalivo.com\/wp-content\/uploads\/2023\/11\/WhatsAppImage2022-03-02at17.29.172.jpeg","type":"image\/jpeg"}],"twitter_card":"summary_large_image","twitter_misc":{"Tiempo de lectura":"24 minutos"},"schema":{"@context":"https:\/\/schema.org","@graph":[{"@type":"WebPage","@id":"https:\/\/casalivo.com\/es\/arte-y-diseno-creativo\/","url":"https:\/\/casalivo.com\/es\/arte-y-diseno-creativo\/","name":"Arte y dise\u00f1o creativo - casalivo s. l.","isPartOf":{"@id":"https:\/\/casalivo.com\/es\/#website"},"primaryImageOfPage":{"@id":"https:\/\/casalivo.com\/es\/arte-y-diseno-creativo\/#primaryimage"},"image":{"@id":"https:\/\/casalivo.com\/es\/arte-y-diseno-creativo\/#primaryimage"},"thumbnailUrl":"https:\/\/casalivo.com\/wp-content\/uploads\/2023\/11\/WhatsAppImage2022-03-02at17.29.172.jpeg","datePublished":"2023-11-30T17:25:32+00:00","dateModified":"2024-02-21T09:07:28+00:00","breadcrumb":{"@id":"https:\/\/casalivo.com\/es\/arte-y-diseno-creativo\/#breadcrumb"},"inLanguage":"es","potentialAction":[{"@type":"ReadAction","target":["https:\/\/casalivo.com\/es\/arte-y-diseno-creativo\/"]}]},{"@type":"ImageObject","inLanguage":"es","@id":"https:\/\/casalivo.com\/es\/arte-y-diseno-creativo\/#primaryimage","url":"https:\/\/casalivo.com\/wp-content\/uploads\/2023\/11\/WhatsAppImage2022-03-02at17.29.172.jpeg","contentUrl":"https:\/\/casalivo.com\/wp-content\/uploads\/2023\/11\/WhatsAppImage2022-03-02at17.29.172.jpeg","width":1600,"height":1048,"caption":"MEHR ERFAHREN"},{"@type":"BreadcrumbList","@id":"https:\/\/casalivo.com\/es\/arte-y-diseno-creativo\/#breadcrumb","itemListElement":[{"@type":"ListItem","position":1,"name":"Startseite","item":"https:\/\/casalivo.com\/es\/inicio\/"},{"@type":"ListItem","position":2,"name":"Arte y dise\u00f1o creativo"}]},{"@type":"WebSite","@id":"https:\/\/casalivo.com\/es\/#website","url":"https:\/\/casalivo.com\/es\/","name":"casalivo s. l.","description":"Verkauf, vermietung, planung und renovierung von Immobilien auf Mallorca","publisher":{"@id":"https:\/\/casalivo.com\/es\/#organization"},"potentialAction":[{"@type":"SearchAction","target":{"@type":"EntryPoint","urlTemplate":"https:\/\/casalivo.com\/es\/?s={search_term_string}"},"query-input":{"@type":"PropertyValueSpecification","valueRequired":true,"valueName":"search_term_string"}}],"inLanguage":"es"},{"@type":"Organization","@id":"https:\/\/casalivo.com\/es\/#organization","name":"casalivo s. l.","url":"https:\/\/casalivo.com\/es\/","logo":{"@type":"ImageObject","inLanguage":"es","@id":"https:\/\/casalivo.com\/es\/#\/schema\/logo\/image\/","url":"https:\/\/casalivo.com\/wp-content\/uploads\/2023\/10\/Casalivo-Logo_h190-1.png","contentUrl":"https:\/\/casalivo.com\/wp-content\/uploads\/2023\/10\/Casalivo-Logo_h190-1.png","width":300,"height":93,"caption":"casalivo s. l."},"image":{"@id":"https:\/\/casalivo.com\/es\/#\/schema\/logo\/image\/"},"sameAs":["https:\/\/www.facebook.com\/profile.php?id=100064261653503","https:\/\/www.instagram.com\/casalivo\/"]}]}},"_links":{"self":[{"href":"https:\/\/casalivo.com\/es\/wp-json\/wp\/v2\/pages\/3243","targetHints":{"allow":["GET"]}}],"collection":[{"href":"https:\/\/casalivo.com\/es\/wp-json\/wp\/v2\/pages"}],"about":[{"href":"https:\/\/casalivo.com\/es\/wp-json\/wp\/v2\/types\/page"}],"author":[{"embeddable":true,"href":"https:\/\/casalivo.com\/es\/wp-json\/wp\/v2\/users\/1"}],"replies":[{"embeddable":true,"href":"https:\/\/casalivo.com\/es\/wp-json\/wp\/v2\/comments?post=3243"}],"version-history":[{"count":0,"href":"https:\/\/casalivo.com\/es\/wp-json\/wp\/v2\/pages\/3243\/revisions"}],"wp:featuredmedia":[{"embeddable":true,"href":"https:\/\/casalivo.com\/es\/wp-json\/wp\/v2\/media\/2169"}],"wp:attachment":[{"href":"https:\/\/casalivo.com\/es\/wp-json\/wp\/v2\/media?parent=3243"}],"curies":[{"name":"wp","href":"https:\/\/api.w.org\/{rel}","templated":true}]}}